{"id":2636,"date":"2022-05-09T14:40:00","date_gmt":"2022-05-09T14:40:00","guid":{"rendered":"https:\/\/ier.si\/?page_id=2636"},"modified":"2024-08-08T07:48:35","modified_gmt":"2024-08-08T07:48:35","slug":"trg-dela-in-izobrazevanje","status":"publish","type":"page","link":"https:\/\/www.ier.si\/en\/trg-dela-in-izobrazevanje\/","title":{"rendered":"Labour market and education"},"content":{"rendered":"\t\t<div data-elementor-type=\"wp-page\" data-elementor-id=\"2636\" class=\"elementor elementor-2636\" data-elementor-settings=\"{&quot;ha_cmc_init_switcher&quot;:&quot;no&quot;}\" data-elementor-post-type=\"page\">\n\t\t\t\t\t\t<section class=\"elementor-section elementor-top-section elementor-element elementor-element-14f259f elementor-section-full_width elementor-section-height-default elementor-section-height-default wpr-particle-no wpr-jarallax-no wpr-parallax-no wpr-sticky-section-no wpr-equal-height-no\" data-id=\"14f259f\" data-element_type=\"section\" data-e-type=\"section\" data-settings=\"{&quot;background_background&quot;:&quot;classic&quot;,&quot;_ha_eqh_enable&quot;:false}\">\n\t\t\t\t\t\t\t<div class=\"elementor-background-overlay\"><\/div>\n\t\t\t\t\t\t\t<div class=\"elementor-container elementor-column-gap-default\">\n\t\t\t\t\t<div class=\"elementor-column elementor-col-33 elementor-top-column elementor-element elementor-element-479ccfb\" data-id=\"479ccfb\" data-element_type=\"column\" data-e-type=\"column\">\n\t\t\t<div class=\"elementor-widget-wrap\">\n\t\t\t\t\t\t\t<\/div>\n\t\t<\/div>\n\t\t\t\t<div class=\"elementor-column elementor-col-33 elementor-top-column elementor-element elementor-element-9c24139\" data-id=\"9c24139\" data-element_type=\"column\" data-e-type=\"column\">\n\t\t\t<div class=\"elementor-widget-wrap elementor-element-populated\">\n\t\t\t\t\t\t<div class=\"elementor-element elementor-element-40633f3 elementor-widget-divider--view-line elementor-widget elementor-widget-divider\" data-id=\"40633f3\" data-element_type=\"widget\" data-e-type=\"widget\" data-widget_type=\"divider.default\">\n\t\t\t\t<div class=\"elementor-widget-container\">\n\t\t\t\t\t\t\t<div class=\"elementor-divider\">\n\t\t\t<span class=\"elementor-divider-separator\">\n\t\t\t\t\t\t<\/span>\n\t\t<\/div>\n\t\t\t\t\t\t<\/div>\n\t\t\t\t<\/div>\n\t\t\t\t<div class=\"elementor-element elementor-element-4ad3b8ef elementor-view-default elementor-widget elementor-widget-icon\" data-id=\"4ad3b8ef\" data-element_type=\"widget\" data-e-type=\"widget\" data-widget_type=\"icon.default\">\n\t\t\t\t<div class=\"elementor-widget-container\">\n\t\t\t\t\t\t\t<div class=\"elementor-icon-wrapper\">\n\t\t\t<div class=\"elementor-icon\">\n\t\t\t<i aria-hidden=\"true\" class=\"hm hm-graduate-cap\"><\/i>\t\t\t<\/div>\n\t\t<\/div>\n\t\t\t\t\t\t<\/div>\n\t\t\t\t<\/div>\n\t\t\t\t<div class=\"elementor-element elementor-element-7df3e14 elementor-widget elementor-widget-heading\" data-id=\"7df3e14\" data-element_type=\"widget\" data-e-type=\"widget\" data-widget_type=\"heading.default\">\n\t\t\t\t<div class=\"elementor-widget-container\">\n\t\t\t\t\t<h2 class=\"elementor-heading-title elementor-size-default\"><span style=\"text-transform: uppercase\">TRG DELA IN IZOBRA\u017dEVANJE<\/span><\/h2>\t\t\t\t<\/div>\n\t\t\t\t<\/div>\n\t\t\t\t<div class=\"elementor-element elementor-element-9936b94 elementor-widget elementor-widget-text-editor\" data-id=\"9936b94\" data-element_type=\"widget\" data-e-type=\"widget\" data-widget_type=\"text-editor.default\">\n\t\t\t\t<div class=\"elementor-widget-container\">\n\t\t\t\t\t\t\t\t\t<p>Podro\u010dje trga dela in izobra\u017eevanja se osredoto\u010da na razumevanje:<\/p>\n<ul>\n<li>potreb po znanju in ve\u0161\u010dinah, ki jih delavci potrebujejo za opravljanje dela,<\/li>\n<li>odlo\u010ditev, ki jih sprejemajo posamezniki med izobra\u017eevanjem in na trgu dela,<\/li>\n<li>gibanja pla\u010d, brezposelnosti in zaposlenosti,<\/li>\n<li>vplivov politik na izobrazbo ter stanje na trgu dela,<\/li>\n<li>rezultatov, ki jih delavci dosegajo na trgu dela in med izobra\u017eevanjem, s poudarkom na razlikah med spoloma.<\/li>\n<\/ul>\n<p><br><\/p><p>Izvajamo mikroekonometri\u010dne raziskave, ki so osnovane na administrativnih in anketnih podatkih. Med izbrane novej\u0161e \u0161tudije pri\u0161tevamo: analizo alokacije \u010dasa in \u010dustvene iz\u010drpanosti med pandemijo covid-19 v Sloveniji, analizo vplivov \u0161tudentskega dela in akademskega uspeha na verjetnost zaposlitve po \u0161tudiju, analizo vplivov \u0161tudentskega dela na \u0161tudijski uspeh, analizo potreb po izvajanju visoko\u0161olskih \u0161tudijskih programov v Sloveniji in analizo vzrokov pokojninske vrzeli med spoloma v Sloveniji. Z mikrosimulacijskim modelom trga dela pa pomembno prispevamo tudi k razvoju modelskih orodij, ki so posebej prilagojena slovenskemu trgu dela.<\/p>\t\t\t\t\t\t\t\t<\/div>\n\t\t\t\t<\/div>\n\t\t\t\t\t<\/div>\n\t\t<\/div>\n\t\t\t\t<div class=\"elementor-column elementor-col-33 elementor-top-column elementor-element elementor-element-9136b4e\" data-id=\"9136b4e\" data-element_type=\"column\" data-e-type=\"column\">\n\t\t\t<div class=\"elementor-widget-wrap elementor-element-populated\">\n\t\t\t\t\t\t<section class=\"elementor-section elementor-inner-section elementor-element elementor-element-0bd97a2 elementor-section-boxed elementor-section-height-default elementor-section-height-default wpr-particle-no wpr-jarallax-no wpr-parallax-no wpr-sticky-section-no wpr-equal-height-no\" data-id=\"0bd97a2\" data-element_type=\"section\" data-e-type=\"section\" data-settings=\"{&quot;_ha_eqh_enable&quot;:false}\">\n\t\t\t\t\t\t<div class=\"elementor-container elementor-column-gap-default\">\n\t\t\t\t\t<div class=\"elementor-column elementor-col-100 elementor-inner-column elementor-element elementor-element-afc171c\" data-id=\"afc171c\" data-element_type=\"column\" data-e-type=\"column\" data-settings=\"{&quot;background_background&quot;:&quot;classic&quot;}\">\n\t\t\t<div class=\"elementor-widget-wrap elementor-element-populated\">\n\t\t\t\t\t\t<div class=\"elementor-element elementor-element-acac161 elementor-widget elementor-widget-image\" data-id=\"acac161\" data-element_type=\"widget\" data-e-type=\"widget\" data-widget_type=\"image.default\">\n\t\t\t\t<div class=\"elementor-widget-container\">\n\t\t\t\t\t\t\t\t\t\t\t\t\t\t\t<img decoding=\"async\" width=\"150\" height=\"150\" src=\"https:\/\/www.ier.si\/wp-content\/uploads\/2022\/12\/dr-Bartolj-Tjasa-ier-1-e1672230058812-150x150.png\" class=\"attachment-thumbnail size-thumbnail wp-image-5926\" alt=\"Fotografija Tja\u0161e Bartolj\" srcset=\"https:\/\/www.ier.si\/wp-content\/uploads\/2022\/12\/dr-Bartolj-Tjasa-ier-1-e1672230058812-150x150.png 150w, https:\/\/www.ier.si\/wp-content\/uploads\/2022\/12\/dr-Bartolj-Tjasa-ier-1-e1672230058812-300x300.png 300w, https:\/\/www.ier.si\/wp-content\/uploads\/2022\/12\/dr-Bartolj-Tjasa-ier-1-e1672230058812.png 349w\" sizes=\"(max-width: 150px) 100vw, 150px\" \/>\t\t\t\t\t\t\t\t\t\t\t\t\t\t\t<\/div>\n\t\t\t\t<\/div>\n\t\t\t\t<div class=\"elementor-element elementor-element-7538f4e elementor-widget elementor-widget-text-editor\" data-id=\"7538f4e\" data-element_type=\"widget\" data-e-type=\"widget\" data-widget_type=\"text-editor.default\">\n\t\t\t\t<div class=\"elementor-widget-container\">\n\t\t\t\t\t\t\t\t\t<p>dr. Tja\u0161a BARTOLJ<br \/>Kontaktna oseba<\/p><p>t. +386 1 5303 810<br \/>e. <a href=\"mailto:tjasa.bartolj@ier.si\">tjasa.bartolj@ier.si<\/a><\/p>\t\t\t\t\t\t\t\t<\/div>\n\t\t\t\t<\/div>\n\t\t\t\t\t<\/div>\n\t\t<\/div>\n\t\t\t\t\t<\/div>\n\t\t<\/section>\n\t\t\t\t\t<\/div>\n\t\t<\/div>\n\t\t\t\t\t<\/div>\n\t\t<\/section>\n\t\t\t\t<section class=\"elementor-section elementor-top-section elementor-element elementor-element-26c1310 elementor-section-full_width elementor-section-height-default elementor-section-height-default wpr-particle-no wpr-jarallax-no wpr-parallax-no wpr-sticky-section-no wpr-equal-height-no\" data-id=\"26c1310\" data-element_type=\"section\" data-e-type=\"section\" data-settings=\"{&quot;background_background&quot;:&quot;classic&quot;,&quot;_ha_eqh_enable&quot;:false}\">\n\t\t\t\t\t\t\t<div class=\"elementor-background-overlay\"><\/div>\n\t\t\t\t\t\t\t<div class=\"elementor-container elementor-column-gap-default\">\n\t\t\t\t\t<div class=\"elementor-column elementor-col-50 elementor-top-column elementor-element elementor-element-19b8100e\" data-id=\"19b8100e\" data-element_type=\"column\" data-e-type=\"column\">\n\t\t\t<div class=\"elementor-widget-wrap\">\n\t\t\t\t\t\t\t<\/div>\n\t\t<\/div>\n\t\t\t\t<div class=\"elementor-column elementor-col-50 elementor-top-column elementor-element elementor-element-5556d747\" data-id=\"5556d747\" data-element_type=\"column\" data-e-type=\"column\">\n\t\t\t<div class=\"elementor-widget-wrap elementor-element-populated\">\n\t\t\t\t\t\t<div class=\"elementor-element elementor-element-16766d5f elementor-widget-divider--view-line elementor-widget elementor-widget-divider\" data-id=\"16766d5f\" data-element_type=\"widget\" data-e-type=\"widget\" data-widget_type=\"divider.default\">\n\t\t\t\t<div class=\"elementor-widget-container\">\n\t\t\t\t\t\t\t<div class=\"elementor-divider\">\n\t\t\t<span class=\"elementor-divider-separator\">\n\t\t\t\t\t\t<\/span>\n\t\t<\/div>\n\t\t\t\t\t\t<\/div>\n\t\t\t\t<\/div>\n\t\t\t\t<div class=\"elementor-element elementor-element-2d953bc elementor-widget elementor-widget-heading\" data-id=\"2d953bc\" data-element_type=\"widget\" data-e-type=\"widget\" data-widget_type=\"heading.default\">\n\t\t\t\t<div class=\"elementor-widget-container\">\n\t\t\t\t\t<h3 class=\"elementor-heading-title elementor-size-default\">PROJEKTI NA PODRO\u010cJU TRGU DELA IN IZOBRA\u017dEVANJA<\/h3>\t\t\t\t<\/div>\n\t\t\t\t<\/div>\n\t\t\t\t<div class=\"elementor-element elementor-element-137b4c7 wpr-grid-columns-5 wpr-grid-columns--mobile2 wpr-grid-columns--tablet2 wpr-grid-pagination-center wpr-item-styles-inner elementor-widget elementor-widget-wpr-grid\" data-id=\"137b4c7\" data-element_type=\"widget\" data-e-type=\"widget\" data-widget_type=\"wpr-grid.default\">\n\t\t\t\t<div class=\"elementor-widget-container\">\n\t\t\t\t\t<ul class=\"wpr-grid-filters elementor-clearfix wpr-grid-filters-sep-right\"><li class=\" wpr-pointer-none wpr-pointer-line-fx wpr-pointer-fx-fade\"><span  data-filter=\"*\" class=\"wpr-grid-filters-item wpr-active-filter \"><i class=\" wpr-grid-filters-icon-left\"><\/i>Vsi projekti<\/span><em class=\"wpr-grid-filters-sep\"><\/em><\/li><li class=\" wpr-pointer-none wpr-pointer-line-fx wpr-pointer-fx-fade\"><span   data-ajax-filter=[\"tip_projekta\",\"domaci-javni\"]  data-filter=\".tip_projekta-domaci-javni\"><i class=\" wpr-grid-filters-icon-left\"><\/i>Doma\u010di javni<\/span><em class=\"wpr-grid-filters-sep\"><\/em><\/li><li class=\" wpr-pointer-none wpr-pointer-line-fx wpr-pointer-fx-fade\"><span   data-ajax-filter=[\"tip_projekta\",\"domaci-trzni\"]  data-filter=\".tip_projekta-domaci-trzni\"><i class=\" wpr-grid-filters-icon-left\"><\/i>Doma\u010di tr\u017eni<\/span><em class=\"wpr-grid-filters-sep\"><\/em><\/li><li class=\" wpr-pointer-none wpr-pointer-line-fx wpr-pointer-fx-fade\"><span   data-ajax-filter=[\"tip_projekta\",\"tuji-javni\"]  data-filter=\".tip_projekta-tuji-javni\"><i class=\" wpr-grid-filters-icon-left\"><\/i>Tuji javni<\/span><em class=\"wpr-grid-filters-sep\"><\/em><\/li><li class=\" wpr-pointer-none wpr-pointer-line-fx wpr-pointer-fx-fade\"><span   data-ajax-filter=[\"tip_projekta\",\"tuji-trzni\"]  data-filter=\".tip_projekta-tuji-trzni\"><i class=\" wpr-grid-filters-icon-left\"><\/i>Tuji tr\u017eni<\/span><em class=\"wpr-grid-filters-sep\"><\/em><\/li><\/ul><section class=\"wpr-grid elementor-clearfix\" data-settings=\"{&quot;layout&quot;:&quot;fitRows&quot;,&quot;stick_last_element_to_bottom&quot;:&quot;&quot;,&quot;columns_desktop&quot;:&quot;5&quot;,&quot;gutter_hr&quot;:30,&quot;gutter_hr_mobile&quot;:15,&quot;gutter_hr_mobile_extra&quot;:15,&quot;gutter_hr_tablet&quot;:15,&quot;gutter_hr_tablet_extra&quot;:30,&quot;gutter_hr_laptop&quot;:30,&quot;gutter_hr_widescreen&quot;:30,&quot;gutter_vr&quot;:30,&quot;gutter_vr_mobile&quot;:&quot;&quot;,&quot;gutter_vr_mobile_extra&quot;:&quot;&quot;,&quot;gutter_vr_tablet&quot;:&quot;&quot;,&quot;gutter_vr_tablet_extra&quot;:30,&quot;gutter_vr_laptop&quot;:30,&quot;gutter_vr_widescreen&quot;:30,&quot;animation&quot;:&quot;default&quot;,&quot;animation_duration&quot;:0.299999999999999988897769753748434595763683319091796875,&quot;animation_delay&quot;:0.1000000000000000055511151231257827021181583404541015625,&quot;deeplinking&quot;:&quot;&quot;,&quot;filters_linkable&quot;:&quot;no&quot;,&quot;filters_default_filter&quot;:&quot;&quot;,&quot;filters_count&quot;:&quot;&quot;,&quot;filters_hide_empty&quot;:&quot;no&quot;,&quot;filters_animation&quot;:&quot;default&quot;,&quot;filters_animation_duration&quot;:0.299999999999999988897769753748434595763683319091796875,&quot;filters_animation_delay&quot;:0.1000000000000000055511151231257827021181583404541015625,&quot;pagination_type&quot;:&quot;load-more&quot;,&quot;pagination_max_pages&quot;:1,&quot;lightbox&quot;:{&quot;selector&quot;:&quot;.wpr-grid-image-wrap&quot;,&quot;iframeMaxWidth&quot;:&quot;60%&quot;,&quot;hash&quot;:false,&quot;autoplay&quot;:&quot;true&quot;,&quot;pause&quot;:5000,&quot;progressBar&quot;:&quot;true&quot;,&quot;counter&quot;:&quot;true&quot;,&quot;controls&quot;:&quot;true&quot;,&quot;getCaptionFromTitleOrAlt&quot;:&quot;&quot;,&quot;thumbnail&quot;:&quot;&quot;,&quot;showThumbByDefault&quot;:&quot;true&quot;,&quot;share&quot;:&quot;&quot;,&quot;zoom&quot;:&quot;&quot;,&quot;fullScreen&quot;:&quot;&quot;,&quot;download&quot;:&quot;&quot;}}\" data-advanced-filters=\"no\"><article class=\"wpr-grid-item elementor-clearfix post-9934 projekti type-projekti status-publish format-standard hentry tip_projekta-domaci-javni stanje_projekta-aktiven-projekt podrocje-trg-dela-in-izobrazevanje\"><div class=\"wpr-grid-item-inner\"><div class=\"wpr-grid-item-below-content elementor-clearfix\"><h2 class=\"wpr-grid-item-title elementor-repeater-item-a12e5db wpr-grid-item-display-block wpr-grid-item-align-left wpr-pointer-none wpr-pointer-line-fx wpr-pointer-fx-slide\"><div class=\"inner-block\"><a target=\"_self\"  href=\"https:\/\/www.ier.si\/en\/projekti\/firmlab-vloga-podjetij-pri-neenakostih-na-trgu-dela-dokazi-iz-hrvaske-in-slovenije-v-zadnjih-petdesetih-letih\/\">FIRMLAB: Vloga podjetij pri neenakostih na trgu dela: Dokazi iz Hrva\u0161ke in Slovenije v zadnjih petdesetih letih<\/a><\/div><\/h2><div class=\"wpr-grid-item-custom-field elementor-repeater-item-78cf379 wpr-grid-item-display-block wpr-grid-item-align-left wpr-grid-cf-style-1\"><div class=\"inner-block\"><span><span class=\"wpr-grid-extra-text-left\">\u0160ifra:<\/span><span>N5-0408<\/span><\/span><\/div><\/div><div class=\"wpr-grid-item-custom-field elementor-repeater-item-ecb6631 wpr-grid-item-display-block wpr-grid-item-align-left wpr-grid-cf-style-1\"><div class=\"inner-block\"><span><span class=\"wpr-grid-extra-text-left\">Naro\u010dnik:<\/span><span>ARIS<\/span><\/span><\/div><\/div><div class=\"wpr-grid-item-custom-field elementor-repeater-item-0f5557c wpr-grid-item-display-block wpr-grid-item-align-left wpr-grid-cf-style-1\"><div class=\"inner-block\"><span><span class=\"wpr-grid-extra-text-left\">Trajanje:<\/span><span>1. 3. 2025 do 29. 2. 2028<\/span><\/span><\/div><\/div><div class=\"wpr-grid-item-custom-field elementor-repeater-item-dfa2e64 wpr-grid-item-display-inline wpr-grid-item-align-left wpr-grid-cf-style-1\"><div class=\"inner-block\"><span><span class=\"wpr-grid-extra-text-left\">Vodja projekta:<\/span><span>Barbara Kalar<\/span><\/span><\/div><\/div><div class=\"wpr-grid-item-read-more elementor-repeater-item-779385e wpr-grid-item-display-block wpr-grid-item-align-left\"><div class=\"inner-block\"><a target=\"_self\" href=\"https:\/\/www.ier.si\/en\/projekti\/firmlab-vloga-podjetij-pri-neenakostih-na-trgu-dela-dokazi-iz-hrvaske-in-slovenije-v-zadnjih-petdesetih-letih\/\" class=\"wpr-button-effect wpr-button-none\"><span class=\"wpr-grid-extra-icon-left\"><i aria-hidden=\"true\" class=\"fas fa-search\"><\/i><\/span><span>Preberi ve\u010d \u00bb<\/span><\/a><\/div><\/div><\/div><\/div><\/article><article class=\"wpr-grid-item elementor-clearfix post-10302 projekti type-projekti status-publish format-standard hentry tip_projekta-domaci-trzni stanje_projekta-aktiven-projekt podrocje-trg-dela-in-izobrazevanje\"><div class=\"wpr-grid-item-inner\"><div class=\"wpr-grid-item-below-content elementor-clearfix\"><h2 class=\"wpr-grid-item-title elementor-repeater-item-a12e5db wpr-grid-item-display-block wpr-grid-item-align-left wpr-pointer-none wpr-pointer-line-fx wpr-pointer-fx-slide\"><div class=\"inner-block\"><a target=\"_self\"  href=\"https:\/\/www.ier.si\/en\/projekti\/vojaski-poklici-in-mladi-v-republiki-sloveniji-vpm-rs\/\">Voja\u0161ki poklici in mladi v Republiki Sloveniji (VPM-RS)<\/a><\/div><\/h2><div class=\"wpr-grid-item-custom-field elementor-repeater-item-78cf379 wpr-grid-item-display-block wpr-grid-item-align-left wpr-grid-cf-style-1\"><div class=\"inner-block\"><span><span class=\"wpr-grid-extra-text-left\">\u0160ifra:<\/span><span>113<\/span><\/span><\/div><\/div><div class=\"wpr-grid-item-custom-field elementor-repeater-item-ecb6631 wpr-grid-item-display-block wpr-grid-item-align-left wpr-grid-cf-style-1\"><div class=\"inner-block\"><span><span class=\"wpr-grid-extra-text-left\">Naro\u010dnik:<\/span><span>MORS<\/span><\/span><\/div><\/div><div class=\"wpr-grid-item-custom-field elementor-repeater-item-0f5557c wpr-grid-item-display-block wpr-grid-item-align-left wpr-grid-cf-style-1\"><div class=\"inner-block\"><span><span class=\"wpr-grid-extra-text-left\">Trajanje:<\/span><span>1. 11. 2024 do 31. 7. 2026<\/span><\/span><\/div><\/div><div class=\"wpr-grid-item-custom-field elementor-repeater-item-dfa2e64 wpr-grid-item-display-inline wpr-grid-item-align-left wpr-grid-cf-style-1\"><div class=\"inner-block\"><span><span class=\"wpr-grid-extra-text-left\">Vodja projekta:<\/span><span>Tja\u0161a Bartolj<\/span><\/span><\/div><\/div><div class=\"wpr-grid-item-read-more elementor-repeater-item-779385e wpr-grid-item-display-block wpr-grid-item-align-left\"><div class=\"inner-block\"><a target=\"_self\" href=\"https:\/\/www.ier.si\/en\/projekti\/vojaski-poklici-in-mladi-v-republiki-sloveniji-vpm-rs\/\" class=\"wpr-button-effect wpr-button-none\"><span class=\"wpr-grid-extra-icon-left\"><i aria-hidden=\"true\" class=\"fas fa-search\"><\/i><\/span><span>Preberi ve\u010d \u00bb<\/span><\/a><\/div><\/div><\/div><\/div><\/article><article class=\"wpr-grid-item elementor-clearfix post-6726 projekti type-projekti status-publish format-standard hentry tip_projekta-domaci-javni stanje_projekta-zakljucen-projekt podrocje-trg-dela-in-izobrazevanje\"><div class=\"wpr-grid-item-inner\"><div class=\"wpr-grid-item-below-content elementor-clearfix\"><h2 class=\"wpr-grid-item-title elementor-repeater-item-a12e5db wpr-grid-item-display-block wpr-grid-item-align-left wpr-pointer-none wpr-pointer-line-fx wpr-pointer-fx-slide\"><div class=\"inner-block\"><a target=\"_self\"  href=\"https:\/\/www.ier.si\/en\/projekti\/omejitve-agilnega-dela-preucevanje-ucinkov-agilnosti-na-spanje-in-inovativnost\/\">Omejitve agilnega dela: preu\u010devanje u\u010dinkov agilnosti na spanje in inovativnost<\/a><\/div><\/h2><div class=\"wpr-grid-item-custom-field elementor-repeater-item-78cf379 wpr-grid-item-display-block wpr-grid-item-align-left wpr-grid-cf-style-1\"><div class=\"inner-block\"><span><span class=\"wpr-grid-extra-text-left\">\u0160ifra:<\/span><span>TP J5-4574<\/span><\/span><\/div><\/div><div class=\"wpr-grid-item-custom-field elementor-repeater-item-ecb6631 wpr-grid-item-display-block wpr-grid-item-align-left wpr-grid-cf-style-1\"><div class=\"inner-block\"><span><span class=\"wpr-grid-extra-text-left\">Naro\u010dnik:<\/span><span>ARRS<\/span><\/span><\/div><\/div><div class=\"wpr-grid-item-custom-field elementor-repeater-item-0f5557c wpr-grid-item-display-block wpr-grid-item-align-left wpr-grid-cf-style-1\"><div class=\"inner-block\"><span><span class=\"wpr-grid-extra-text-left\">Trajanje:<\/span><span>1. 10. 2022 do 30. 9. 2025<\/span><\/span><\/div><\/div><div class=\"wpr-grid-item-custom-field elementor-repeater-item-dfa2e64 wpr-grid-item-display-inline wpr-grid-item-align-left wpr-grid-cf-style-1\"><div class=\"inner-block\"><span><span class=\"wpr-grid-extra-text-left\">Vodja projekta:<\/span><span>Miroslav Verbi\u010d<\/span><\/span><\/div><\/div><div class=\"wpr-grid-item-read-more elementor-repeater-item-779385e wpr-grid-item-display-block wpr-grid-item-align-left\"><div class=\"inner-block\"><a target=\"_self\" href=\"https:\/\/www.ier.si\/en\/projekti\/omejitve-agilnega-dela-preucevanje-ucinkov-agilnosti-na-spanje-in-inovativnost\/\" class=\"wpr-button-effect wpr-button-none\"><span class=\"wpr-grid-extra-icon-left\"><i aria-hidden=\"true\" class=\"fas fa-search\"><\/i><\/span><span>Preberi ve\u010d \u00bb<\/span><\/a><\/div><\/div><\/div><\/div><\/article><article class=\"wpr-grid-item elementor-clearfix post-6084 projekti type-projekti status-publish format-standard hentry tip_projekta-domaci-trzni stanje_projekta-zakljucen-projekt podrocje-trg-dela-in-izobrazevanje\"><div class=\"wpr-grid-item-inner\"><div class=\"wpr-grid-item-below-content elementor-clearfix\"><h2 class=\"wpr-grid-item-title elementor-repeater-item-a12e5db wpr-grid-item-display-block wpr-grid-item-align-left wpr-pointer-none wpr-pointer-line-fx wpr-pointer-fx-slide\"><div class=\"inner-block\"><a target=\"_self\"  href=\"https:\/\/www.ier.si\/en\/projekti\/priprava-modela-za-napovedovanje-potreb-po-izvajanju-visokosolskih-studijskih-programov-na-nacionalni-ravni-in-izvedbi-raziskave-trenutnega-polozaja-diplomantov-visokosolskih-studijskih-programov-na-t\/\">Priprava modela za napovedovanje potreb po izvajanju visoko\u0161olskih \u0161tudijskih programov na nacionalni ravni in izvedbi raziskave trenutnega polo\u017eaja diplomantov visoko\u0161olskih&hellip;<\/a><\/div><\/h2><div class=\"wpr-grid-item-custom-field elementor-repeater-item-ecb6631 wpr-grid-item-display-block wpr-grid-item-align-left wpr-grid-cf-style-1\"><div class=\"inner-block\"><span><span class=\"wpr-grid-extra-text-left\">Naro\u010dnik:<\/span><span>MIZ\u0160<\/span><\/span><\/div><\/div><div class=\"wpr-grid-item-custom-field elementor-repeater-item-0f5557c wpr-grid-item-display-block wpr-grid-item-align-left wpr-grid-cf-style-1\"><div class=\"inner-block\"><span><span class=\"wpr-grid-extra-text-left\">Trajanje:<\/span><span>20. 8. 2018 do 15. 11. 2018<\/span><\/span><\/div><\/div><div class=\"wpr-grid-item-custom-field elementor-repeater-item-dfa2e64 wpr-grid-item-display-inline wpr-grid-item-align-left wpr-grid-cf-style-1\"><div class=\"inner-block\"><span><span class=\"wpr-grid-extra-text-left\">Vodja projekta:<\/span><span>Tja\u0161a Bartolj<\/span><\/span><\/div><\/div><div class=\"wpr-grid-item-read-more elementor-repeater-item-779385e wpr-grid-item-display-block wpr-grid-item-align-left\"><div class=\"inner-block\"><a target=\"_self\" href=\"https:\/\/www.ier.si\/en\/projekti\/priprava-modela-za-napovedovanje-potreb-po-izvajanju-visokosolskih-studijskih-programov-na-nacionalni-ravni-in-izvedbi-raziskave-trenutnega-polozaja-diplomantov-visokosolskih-studijskih-programov-na-t\/\" class=\"wpr-button-effect wpr-button-none\"><span class=\"wpr-grid-extra-icon-left\"><i aria-hidden=\"true\" class=\"fas fa-search\"><\/i><\/span><span>Preberi ve\u010d \u00bb<\/span><\/a><\/div><\/div><\/div><\/div><\/article><article class=\"wpr-grid-item elementor-clearfix post-6940 projekti type-projekti status-publish format-standard hentry tip_projekta-tuji-javni stanje_projekta-zakljucen-projekt podrocje-socialna-vkljucenost-in-pokojnine podrocje-trg-dela-in-izobrazevanje\"><div class=\"wpr-grid-item-inner\"><div class=\"wpr-grid-item-below-content elementor-clearfix\"><h2 class=\"wpr-grid-item-title elementor-repeater-item-a12e5db wpr-grid-item-display-block wpr-grid-item-align-left wpr-pointer-none wpr-pointer-line-fx wpr-pointer-fx-slide\"><div class=\"inner-block\"><a target=\"_self\"  href=\"https:\/\/www.ier.si\/en\/projekti\/nadgradnja-analiticnih-modelov-na-podrocju-pokojninskega-sistema\/\">Nadgradnja analiti\u010dnih modelov na podro\u010dju pokojninskega sistema<\/a><\/div><\/h2><div class=\"wpr-grid-item-custom-field elementor-repeater-item-ecb6631 wpr-grid-item-display-block wpr-grid-item-align-left wpr-grid-cf-style-1\"><div class=\"inner-block\"><span><span class=\"wpr-grid-extra-text-left\">Naro\u010dnik:<\/span><span>MDDSZ<\/span><\/span><\/div><\/div><div class=\"wpr-grid-item-custom-field elementor-repeater-item-0f5557c wpr-grid-item-display-block wpr-grid-item-align-left wpr-grid-cf-style-1\"><div class=\"inner-block\"><span><span class=\"wpr-grid-extra-text-left\">Trajanje:<\/span><span>1. 1. 2018 do 31. 3. 2023<\/span><\/span><\/div><\/div><div class=\"wpr-grid-item-custom-field elementor-repeater-item-dfa2e64 wpr-grid-item-display-inline wpr-grid-item-align-left wpr-grid-cf-style-1\"><div class=\"inner-block\"><span><span class=\"wpr-grid-extra-text-left\">Vodja projekta:<\/span><span>Boris Majcen<\/span><\/span><\/div><\/div><div class=\"wpr-grid-item-read-more elementor-repeater-item-779385e wpr-grid-item-display-block wpr-grid-item-align-left\"><div class=\"inner-block\"><a target=\"_self\" href=\"https:\/\/www.ier.si\/en\/projekti\/nadgradnja-analiticnih-modelov-na-podrocju-pokojninskega-sistema\/\" class=\"wpr-button-effect wpr-button-none\"><span class=\"wpr-grid-extra-icon-left\"><i aria-hidden=\"true\" class=\"fas fa-search\"><\/i><\/span><span>Preberi ve\u010d \u00bb<\/span><\/a><\/div><\/div><\/div><\/div><\/article><article class=\"wpr-grid-item elementor-clearfix post-6954 projekti type-projekti status-publish format-standard hentry tip_projekta-tuji-javni stanje_projekta-zakljucen-projekt podrocje-trg-dela-in-izobrazevanje\"><div class=\"wpr-grid-item-inner\"><div class=\"wpr-grid-item-below-content elementor-clearfix\"><h2 class=\"wpr-grid-item-title elementor-repeater-item-a12e5db wpr-grid-item-display-block wpr-grid-item-align-left wpr-pointer-none wpr-pointer-line-fx wpr-pointer-fx-slide\"><div class=\"inner-block\"><a target=\"_self\"  href=\"https:\/\/www.ier.si\/en\/projekti\/learn-to-perform-interreg-si-at\/\">Learn to perform in work life 2020+ (Interreg Si-At)<\/a><\/div><\/h2><div class=\"wpr-grid-item-custom-field elementor-repeater-item-ecb6631 wpr-grid-item-display-block wpr-grid-item-align-left wpr-grid-cf-style-1\"><div class=\"inner-block\"><span><span class=\"wpr-grid-extra-text-left\">Naro\u010dnik:<\/span><span>EK<\/span><\/span><\/div><\/div><div class=\"wpr-grid-item-custom-field elementor-repeater-item-0f5557c wpr-grid-item-display-block wpr-grid-item-align-left wpr-grid-cf-style-1\"><div class=\"inner-block\"><span><span class=\"wpr-grid-extra-text-left\">Trajanje:<\/span><span>1. 9. 2016 do 31. 8. 2019<\/span><\/span><\/div><\/div><div class=\"wpr-grid-item-custom-field elementor-repeater-item-dfa2e64 wpr-grid-item-display-inline wpr-grid-item-align-left wpr-grid-cf-style-1\"><div class=\"inner-block\"><span><span class=\"wpr-grid-extra-text-left\">Vodja projekta:<\/span><span>Damjan Kava\u0161<\/span><\/span><\/div><\/div><div class=\"wpr-grid-item-read-more elementor-repeater-item-779385e wpr-grid-item-display-block wpr-grid-item-align-left\"><div class=\"inner-block\"><a target=\"_self\" href=\"https:\/\/www.ier.si\/en\/projekti\/learn-to-perform-interreg-si-at\/\" class=\"wpr-button-effect wpr-button-none\"><span class=\"wpr-grid-extra-icon-left\"><i aria-hidden=\"true\" class=\"fas fa-search\"><\/i><\/span><span>Preberi ve\u010d \u00bb<\/span><\/a><\/div><\/div><\/div><\/div><\/article><\/section>\t\t\t\t<\/div>\n\t\t\t\t<\/div>\n\t\t\t\t\t<\/div>\n\t\t<\/div>\n\t\t\t\t\t<\/div>\n\t\t<\/section>\n\t\t\t\t<section class=\"elementor-section elementor-top-section elementor-element elementor-element-5eab954a elementor-section-full_width elementor-section-height-default elementor-section-height-default wpr-particle-no wpr-jarallax-no wpr-parallax-no wpr-sticky-section-no wpr-equal-height-no\" data-id=\"5eab954a\" data-element_type=\"section\" data-e-type=\"section\" data-settings=\"{&quot;background_background&quot;:&quot;classic&quot;,&quot;_ha_eqh_enable&quot;:false}\">\n\t\t\t\t\t\t\t<div class=\"elementor-background-overlay\"><\/div>\n\t\t\t\t\t\t\t<div class=\"elementor-container elementor-column-gap-default\">\n\t\t\t\t\t<div class=\"elementor-column elementor-col-50 elementor-top-column elementor-element elementor-element-7a66c2d0\" data-id=\"7a66c2d0\" data-element_type=\"column\" data-e-type=\"column\">\n\t\t\t<div class=\"elementor-widget-wrap\">\n\t\t\t\t\t\t\t<\/div>\n\t\t<\/div>\n\t\t\t\t<div class=\"elementor-column elementor-col-50 elementor-top-column elementor-element elementor-element-6a8ebd3f\" data-id=\"6a8ebd3f\" data-element_type=\"column\" data-e-type=\"column\">\n\t\t\t<div class=\"elementor-widget-wrap elementor-element-populated\">\n\t\t\t\t\t\t<div class=\"elementor-element elementor-element-5d91539f elementor-widget-divider--view-line elementor-widget elementor-widget-divider\" data-id=\"5d91539f\" data-element_type=\"widget\" data-e-type=\"widget\" data-widget_type=\"divider.default\">\n\t\t\t\t<div class=\"elementor-widget-container\">\n\t\t\t\t\t\t\t<div class=\"elementor-divider\">\n\t\t\t<span class=\"elementor-divider-separator\">\n\t\t\t\t\t\t<\/span>\n\t\t<\/div>\n\t\t\t\t\t\t<\/div>\n\t\t\t\t<\/div>\n\t\t\t\t<div class=\"elementor-element elementor-element-19e0198e elementor-widget elementor-widget-heading\" data-id=\"19e0198e\" data-element_type=\"widget\" data-e-type=\"widget\" data-widget_type=\"heading.default\">\n\t\t\t\t<div class=\"elementor-widget-container\">\n\t\t\t\t\t<h3 class=\"elementor-heading-title elementor-size-default\">PUBLIKACIJE NA PODRO\u010cJU TRGA DELA IN IZOBRA\u017dEVANJA<\/h3>\t\t\t\t<\/div>\n\t\t\t\t<\/div>\n\t\t\t\t<div class=\"elementor-element elementor-element-cdf0295 elementor-grid-5 elementor-posts--align-left elementor-grid-tablet-2 elementor-grid-mobile-1 elementor-posts--thumbnail-top elementor-widget elementor-widget-posts\" data-id=\"cdf0295\" data-element_type=\"widget\" data-e-type=\"widget\" data-settings=\"{&quot;classic_columns&quot;:&quot;5&quot;,&quot;classic_row_gap&quot;:{&quot;unit&quot;:&quot;px&quot;,&quot;size&quot;:30,&quot;sizes&quot;:[]},&quot;classic_columns_tablet&quot;:&quot;2&quot;,&quot;classic_columns_mobile&quot;:&quot;1&quot;,&quot;classic_row_gap_tablet&quot;:{&quot;unit&quot;:&quot;px&quot;,&quot;size&quot;:&quot;&quot;,&quot;sizes&quot;:[]},&quot;classic_row_gap_mobile&quot;:{&quot;unit&quot;:&quot;px&quot;,&quot;size&quot;:&quot;&quot;,&quot;sizes&quot;:[]}}\" data-widget_type=\"posts.classic\">\n\t\t\t\t<div class=\"elementor-widget-container\">\n\t\t\t\t\t\t\t<div class=\"elementor-posts-container elementor-posts elementor-posts--skin-classic elementor-grid\" role=\"list\">\n\t\t\t\t<article class=\"elementor-post elementor-grid-item post-8131 publikaicje type-publikaicje status-publish format-standard has-post-thumbnail hentry category-publikacije vrsta-ekonomiera vrsta-trg-dela-in-izobrazevanje leto-2023_\" role=\"listitem\">\n\t\t\t\t<a class=\"elementor-post__thumbnail__link\" href=\"https:\/\/www.ier.si\/wp-content\/uploads\/2023\/03\/ekonomiera_02-2023.pdf\" tabindex=\"-1\" >\n\t\t\t<div class=\"elementor-post__thumbnail\"><img fetchpriority=\"high\" decoding=\"async\" width=\"1979\" height=\"2776\" src=\"https:\/\/www.ier.si\/wp-content\/uploads\/2023\/03\/naslovnica_prednja-1.png\" class=\"attachment-full size-full wp-image-8117\" alt=\"\" srcset=\"https:\/\/www.ier.si\/wp-content\/uploads\/2023\/03\/naslovnica_prednja-1.png 1979w, https:\/\/www.ier.si\/wp-content\/uploads\/2023\/03\/naslovnica_prednja-1-214x300.png 214w, https:\/\/www.ier.si\/wp-content\/uploads\/2023\/03\/naslovnica_prednja-1-730x1024.png 730w, https:\/\/www.ier.si\/wp-content\/uploads\/2023\/03\/naslovnica_prednja-1-768x1077.png 768w, https:\/\/www.ier.si\/wp-content\/uploads\/2023\/03\/naslovnica_prednja-1-1095x1536.png 1095w, https:\/\/www.ier.si\/wp-content\/uploads\/2023\/03\/naslovnica_prednja-1-1460x2048.png 1460w, https:\/\/www.ier.si\/wp-content\/uploads\/2023\/03\/naslovnica_prednja-1-9x12.png 9w\" sizes=\"(max-width: 1979px) 100vw, 1979px\" \/><\/div>\n\t\t<\/a>\n\t\t\t\t<div class=\"elementor-post__text\">\n\t\t\t\t<h3 class=\"elementor-post__title\">\n\t\t\t<a href=\"https:\/\/www.ier.si\/wp-content\/uploads\/2023\/03\/ekonomiera_02-2023.pdf\" >\n\t\t\t\tMikrosimulacijski model trga dela SI-MSM-LM\t\t\t<\/a>\n\t\t<\/h3>\n\t\t\t\t<div class=\"elementor-post__excerpt\">\n\t\t\t<p>Tja\u0161a Bartolj, Sa\u0161o Polanec, Nika Murovec, Damjan Kava\u0161, Klemen Koman<\/p>\n\t\t<\/div>\n\t\t\n\t\t<a class=\"elementor-post__read-more\" href=\"https:\/\/www.ier.si\/wp-content\/uploads\/2023\/03\/ekonomiera_02-2023.pdf\" aria-label=\"Read more about Mikrosimulacijski model trga dela SI-MSM-LM\" tabindex=\"-1\" >\n\t\t\tPreberi ve\u010d \u00bb\t\t<\/a>\n\n\t\t\t\t<\/div>\n\t\t\t\t<\/article>\n\t\t\t\t<article class=\"elementor-post elementor-grid-item post-4542 publikaicje type-publikaicje status-publish format-standard has-post-thumbnail hentry category-publikacije vrsta-ekonomiera vrsta-trg-dela-in-izobrazevanje leto-2020_\" role=\"listitem\">\n\t\t\t\t<a class=\"elementor-post__thumbnail__link\" href=\"https:\/\/ier.si\/wp-content\/uploads\/2022\/12\/ekonomiera_02-2020.pdf\" tabindex=\"-1\" target=\"_blank\" rel=\"noopener\">\n\t\t\t<div class=\"elementor-post__thumbnail\"><img decoding=\"async\" width=\"3898\" height=\"5552\" src=\"https:\/\/www.ier.si\/wp-content\/uploads\/2022\/12\/ekonomiera_02-2020.png\" class=\"attachment-full size-full wp-image-4544\" alt=\"\" srcset=\"https:\/\/www.ier.si\/wp-content\/uploads\/2022\/12\/ekonomiera_02-2020.png 3898w, https:\/\/www.ier.si\/wp-content\/uploads\/2022\/12\/ekonomiera_02-2020-211x300.png 211w, https:\/\/www.ier.si\/wp-content\/uploads\/2022\/12\/ekonomiera_02-2020-719x1024.png 719w, https:\/\/www.ier.si\/wp-content\/uploads\/2022\/12\/ekonomiera_02-2020-768x1094.png 768w, https:\/\/www.ier.si\/wp-content\/uploads\/2022\/12\/ekonomiera_02-2020-1078x1536.png 1078w, https:\/\/www.ier.si\/wp-content\/uploads\/2022\/12\/ekonomiera_02-2020-1438x2048.png 1438w\" sizes=\"(max-width: 3898px) 100vw, 3898px\" \/><\/div>\n\t\t<\/a>\n\t\t\t\t<div class=\"elementor-post__text\">\n\t\t\t\t<h3 class=\"elementor-post__title\">\n\t\t\t<a href=\"https:\/\/ier.si\/wp-content\/uploads\/2022\/12\/ekonomiera_02-2020.pdf\" target=\"_blank\" rel=\"noopener\">\n\t\t\t\tPotrebe po izvajanju visoko\u0161olskih \u0161tudijskih programov v Sloveniji\t\t\t<\/a>\n\t\t<\/h3>\n\t\t\t\t<div class=\"elementor-post__excerpt\">\n\t\t\t<p>Tja\u0161a Bartolj, Barbara Kalar, Nata\u0161a Kump, Boris Majcen, Nika Murovec, Marko Ogorevc, Renata Slabe Erker,<\/p>\n\t\t<\/div>\n\t\t\n\t\t<a class=\"elementor-post__read-more\" href=\"https:\/\/ier.si\/wp-content\/uploads\/2022\/12\/ekonomiera_02-2020.pdf\" aria-label=\"Read more about Potrebe po izvajanju visoko\u0161olskih \u0161tudijskih programov v Sloveniji\" tabindex=\"-1\" target=\"_blank\" rel=\"noopener\">\n\t\t\tPreberi ve\u010d \u00bb\t\t<\/a>\n\n\t\t\t\t<\/div>\n\t\t\t\t<\/article>\n\t\t\t\t<article class=\"elementor-post elementor-grid-item post-4572 publikaicje type-publikaicje status-publish format-standard has-post-thumbnail hentry category-publikacije vrsta-ekonomiera vrsta-trg-dela-in-izobrazevanje leto-2017_\" role=\"listitem\">\n\t\t\t\t<a class=\"elementor-post__thumbnail__link\" href=\"https:\/\/ier.si\/wp-content\/uploads\/2022\/12\/ekonomiera_03-2017.pdf\" tabindex=\"-1\" target=\"_blank\" rel=\"noopener\">\n\t\t\t<div class=\"elementor-post__thumbnail\"><img loading=\"lazy\" decoding=\"async\" width=\"1949\" height=\"2776\" src=\"https:\/\/www.ier.si\/wp-content\/uploads\/2022\/12\/ekonomiera_03-2017.png\" class=\"attachment-full size-full wp-image-4527\" alt=\"\" srcset=\"https:\/\/www.ier.si\/wp-content\/uploads\/2022\/12\/ekonomiera_03-2017.png 1949w, https:\/\/www.ier.si\/wp-content\/uploads\/2022\/12\/ekonomiera_03-2017-211x300.png 211w, https:\/\/www.ier.si\/wp-content\/uploads\/2022\/12\/ekonomiera_03-2017-719x1024.png 719w, https:\/\/www.ier.si\/wp-content\/uploads\/2022\/12\/ekonomiera_03-2017-768x1094.png 768w, https:\/\/www.ier.si\/wp-content\/uploads\/2022\/12\/ekonomiera_03-2017-1078x1536.png 1078w, https:\/\/www.ier.si\/wp-content\/uploads\/2022\/12\/ekonomiera_03-2017-1438x2048.png 1438w\" sizes=\"(max-width: 1949px) 100vw, 1949px\" \/><\/div>\n\t\t<\/a>\n\t\t\t\t<div class=\"elementor-post__text\">\n\t\t\t\t<h3 class=\"elementor-post__title\">\n\t\t\t<a href=\"https:\/\/ier.si\/wp-content\/uploads\/2022\/12\/ekonomiera_03-2017.pdf\" target=\"_blank\" rel=\"noopener\">\n\t\t\t\tOcenjevanje potreb\u00a0po kompetencah na trgu dela\t\t\t<\/a>\n\t\t<\/h3>\n\t\t\t\t<div class=\"elementor-post__excerpt\">\n\t\t\t<p>Boris Majcen, Nata\u0161a Kump, Renata Slabe Erker, Klemen Koman, Nika Murovec, Damjan Kava\u0161, Tja\u0161a Bartolj<\/p>\n\t\t<\/div>\n\t\t\n\t\t<a class=\"elementor-post__read-more\" href=\"https:\/\/ier.si\/wp-content\/uploads\/2022\/12\/ekonomiera_03-2017.pdf\" aria-label=\"Read more about Ocenjevanje potreb\u00a0po kompetencah na trgu dela\" tabindex=\"-1\" target=\"_blank\" rel=\"noopener\">\n\t\t\tPreberi ve\u010d \u00bb\t\t<\/a>\n\n\t\t\t\t<\/div>\n\t\t\t\t<\/article>\n\t\t\t\t<\/div>\n\t\t\n\t\t\t\t\t\t<\/div>\n\t\t\t\t<\/div>\n\t\t\t\t\t<\/div>\n\t\t<\/div>\n\t\t\t\t\t<\/div>\n\t\t<\/section>\n\t\t\t\t<\/div>\n\t\t","protected":false},"excerpt":{"rendered":"<p>TRG DELA IN IZOBRA\u017dEVANJE Podro\u010dje trga dela in izobra\u017eevanja se osredoto\u010da na razumevanje: potreb po znanju in ve\u0161\u010dinah, ki jih delavci potrebujejo za opravljanje dela, odlo\u010ditev, ki jih sprejemajo posamezniki med izobra\u017eevanjem in na trgu dela, gibanja pla\u010d, brezposelnosti in zaposlenosti, vplivov politik na izobrazbo ter stanje na trgu dela, rezultatov, ki jih delavci dosegajo na trgu dela in med izobra\u017eevanjem, s poudarkom na razlikah med spoloma. Izvajamo mikroekonometri\u010dne raziskave, ki so osnovane na administrativnih in anketnih podatkih. Med izbrane novej\u0161e \u0161tudije pri\u0161tevamo: analizo alokacije \u010dasa in \u010dustvene iz\u010drpanosti med pandemijo covid-19 v Sloveniji, analizo vplivov \u0161tudentskega dela in akademskega uspeha na verjetnost zaposlitve po \u0161tudiju, analizo vplivov \u0161tudentskega dela na \u0161tudijski uspeh, analizo potreb po izvajanju visoko\u0161olskih \u0161tudijskih programov v Sloveniji in analizo vzrokov pokojninske vrzeli med spoloma v Sloveniji. Z mikrosimulacijskim modelom trga dela pa pomembno prispevamo tudi k razvoju modelskih orodij, ki so posebej prilagojena slovenskemu trgu dela. dr. Tja\u0161a BARTOLJKontaktna oseba t. +386 1 5303 810e. tjasa.bartolj@ier.si PROJEKTI NA PODRO\u010cJU TRGU DELA IN IZOBRA\u017dEVANJA Vsi projekti Doma\u010di javni Doma\u010di tr\u017eni Tuji javni Tuji tr\u017eni Omejitve agilnega dela: preu\u010devanje u\u010dinkov agilnosti na spanje in inovativnost \u0160ifra:TP J5-4574Naro\u010dnik:ARRSTrajanje:1. 10. 2022 do 30. 9. 2025Vodja projekta:Miroslav Verbi\u010dPreberi ve\u010d \u00bb Priprava modela za napovedovanje potreb po izvajanju visoko\u0161olskih \u0161tudijskih programov na nacionalni ravni in izvedbi raziskave trenutnega polo\u017eaja diplomantov visoko\u0161olskih&hellip; Naro\u010dnik:MIZ\u0160Trajanje:20. 8. 2018 do 15. 11. 2018Vodja projekta:Tja\u0161a BartoljPreberi ve\u010d \u00bb Nadgradnja analiti\u010dnih modelov na podro\u010dju pokojninskega sistema Naro\u010dnik:MDDSZTrajanje:1. 1. 2018 do 31. 3. 2023Vodja projekta:Boris MajcenPreberi ve\u010d \u00bb Learn to perform in work life 2020+ (Interreg Si-At) Naro\u010dnik:EKTrajanje:1. 9. 2016 do 31. 8. 2019Vodja projekta:Damjan Kava\u0161Preberi ve\u010d \u00bb PUBLIKACIJE NA PODRO\u010cJU TRGA DELA IN IZOBRA\u017dEVANJA<\/p>","protected":false},"author":1,"featured_media":0,"parent":0,"menu_order":0,"comment_status":"closed","ping_status":"closed","template":"elementor_header_footer","meta":{"_acf_changed":false,"footnotes":"","_links_to":"","_links_to_target":""},"class_list":["post-2636","page","type-page","status-publish","hentry"],"acf":[],"publishpress_future_action":{"enabled":false,"date":"2026-05-02 09:50:22","action":"change-status","newStatus":"draft","terms":[],"taxonomy":"","extraData":[]},"publishpress_future_workflow_manual_trigger":{"enabledWorkflows":[]},"_links":{"self":[{"href":"https:\/\/www.ier.si\/en\/wp-json\/wp\/v2\/pages\/2636","targetHints":{"allow":["GET"]}}],"collection":[{"href":"https:\/\/www.ier.si\/en\/wp-json\/wp\/v2\/pages"}],"about":[{"href":"https:\/\/www.ier.si\/en\/wp-json\/wp\/v2\/types\/page"}],"author":[{"embeddable":true,"href":"https:\/\/www.ier.si\/en\/wp-json\/wp\/v2\/users\/1"}],"replies":[{"embeddable":true,"href":"https:\/\/www.ier.si\/en\/wp-json\/wp\/v2\/comments?post=2636"}],"version-history":[{"count":122,"href":"https:\/\/www.ier.si\/en\/wp-json\/wp\/v2\/pages\/2636\/revisions"}],"predecessor-version":[{"id":9705,"href":"https:\/\/www.ier.si\/en\/wp-json\/wp\/v2\/pages\/2636\/revisions\/9705"}],"wp:attachment":[{"href":"https:\/\/www.ier.si\/en\/wp-json\/wp\/v2\/media?parent=2636"}],"curies":[{"name":"wp","href":"https:\/\/api.w.org\/{rel}","templated":true}]}}