{"id":2527,"date":"2022-05-09T12:01:05","date_gmt":"2022-05-09T12:01:05","guid":{"rendered":"https:\/\/ier.si\/?page_id=2527"},"modified":"2023-09-07T10:40:18","modified_gmt":"2023-09-07T10:40:18","slug":"socialna-vkljucenost-in-pokojnine","status":"publish","type":"page","link":"https:\/\/www.ier.si\/en\/socialna-vkljucenost-in-pokojnine\/","title":{"rendered":"Social inclusion and pensions"},"content":{"rendered":"\t\t<div data-elementor-type=\"wp-page\" data-elementor-id=\"2527\" class=\"elementor elementor-2527\" data-elementor-settings=\"{&quot;ha_cmc_init_switcher&quot;:&quot;no&quot;}\" data-elementor-post-type=\"page\">\n\t\t\t\t\t\t<section class=\"elementor-section elementor-top-section elementor-element elementor-element-14f259f elementor-section-full_width elementor-section-height-default elementor-section-height-default wpr-particle-no wpr-jarallax-no wpr-parallax-no wpr-sticky-section-no wpr-equal-height-no\" data-id=\"14f259f\" data-element_type=\"section\" data-e-type=\"section\" data-settings=\"{&quot;background_background&quot;:&quot;classic&quot;,&quot;_ha_eqh_enable&quot;:false}\">\n\t\t\t\t\t\t\t<div class=\"elementor-background-overlay\"><\/div>\n\t\t\t\t\t\t\t<div class=\"elementor-container elementor-column-gap-default\">\n\t\t\t\t\t<div class=\"elementor-column elementor-col-33 elementor-top-column elementor-element elementor-element-479ccfb\" data-id=\"479ccfb\" data-element_type=\"column\" data-e-type=\"column\">\n\t\t\t<div class=\"elementor-widget-wrap\">\n\t\t\t\t\t\t\t<\/div>\n\t\t<\/div>\n\t\t\t\t<div class=\"elementor-column elementor-col-33 elementor-top-column elementor-element elementor-element-9c24139\" data-id=\"9c24139\" data-element_type=\"column\" data-e-type=\"column\">\n\t\t\t<div class=\"elementor-widget-wrap elementor-element-populated\">\n\t\t\t\t\t\t<div class=\"elementor-element elementor-element-40633f3 elementor-widget-divider--view-line elementor-widget elementor-widget-divider\" data-id=\"40633f3\" data-element_type=\"widget\" data-e-type=\"widget\" data-widget_type=\"divider.default\">\n\t\t\t\t<div class=\"elementor-widget-container\">\n\t\t\t\t\t\t\t<div class=\"elementor-divider\">\n\t\t\t<span class=\"elementor-divider-separator\">\n\t\t\t\t\t\t<\/span>\n\t\t<\/div>\n\t\t\t\t\t\t<\/div>\n\t\t\t\t<\/div>\n\t\t\t\t<div class=\"elementor-element elementor-element-4ad3b8ef elementor-view-default elementor-widget elementor-widget-icon\" data-id=\"4ad3b8ef\" data-element_type=\"widget\" data-e-type=\"widget\" data-widget_type=\"icon.default\">\n\t\t\t\t<div class=\"elementor-widget-container\">\n\t\t\t\t\t\t\t<div class=\"elementor-icon-wrapper\">\n\t\t\t<div class=\"elementor-icon\">\n\t\t\t<i aria-hidden=\"true\" class=\"hm hm-team-member\"><\/i>\t\t\t<\/div>\n\t\t<\/div>\n\t\t\t\t\t\t<\/div>\n\t\t\t\t<\/div>\n\t\t\t\t<div class=\"elementor-element elementor-element-7df3e14 elementor-widget elementor-widget-heading\" data-id=\"7df3e14\" data-element_type=\"widget\" data-e-type=\"widget\" data-widget_type=\"heading.default\">\n\t\t\t\t<div class=\"elementor-widget-container\">\n\t\t\t\t\t<h2 class=\"elementor-heading-title elementor-size-default\"><span style=\"text-transform: uppercase\">SOCIALNA VKLJU\u010cENOST IN POKOJNINE<\/span><\/h2>\t\t\t\t<\/div>\n\t\t\t\t<\/div>\n\t\t\t\t<div class=\"elementor-element elementor-element-9936b94 elementor-widget elementor-widget-text-editor\" data-id=\"9936b94\" data-element_type=\"widget\" data-e-type=\"widget\" data-widget_type=\"text-editor.default\">\n\t\t\t\t<div class=\"elementor-widget-container\">\n\t\t\t\t\t\t\t\t\t<p>Podro\u010dje socialne vklju\u010denosti in pokojnin prispeva k spoznavanju ekonomskega polo\u017eaja in socialne vklju\u010denosti (podskupin) prebivalstva in vplivu socialnovarstvene, dru\u017einske, dav\u010dne in pokojninske zakonodaje nanj, kar je podlaga za uspe\u0161no soo\u010danje z izzivi, kot so rev\u0161\u010dina in socialna izklju\u010denost, minimalni \u017eivljenjski stro\u0161ki, ekonomski polo\u017eaj dru\u017ein, usklajevanje dru\u017einskega in poklicnega \u017eivljenja, podpora brezposelnim, pokojninski sistem in pokojnine ter ekonomski polo\u017eaj starej\u0161ih. Izvajamo bazi\u010dne in aplikativne raziskave o temah nacionalnega, evropskega, pa tudi globalnega pomena, med izbrane novej\u0161e vidnej\u0161e dose\u017eke pa pri\u0161tevamo:<\/p><ul><li><span style=\"background-color: transparent; color: var( --e-global-color-text );\">ocene minimalnih \u017eivljenjskih stro\u0161kov (na podlagi uveljavljene lastne metodologije);<\/span><\/li><li>sodelovanje pri preizkusu metodologije za referen\u010dne dru\u017einske prora\u010dune;<\/li><li>priprava strokovnih podlag za politi\u010dno odlo\u010danje v Sloveniji na podro\u010dju socialnovarstvene in dru\u017einske politike;<\/li><li>sodelovanje pri pripravi strokovnih podlag za strategijo aktivnega in zdravega staranja v Sloveniji;<\/li><li>razvoj in prakti\u010dna uporaba modelskih orodij (model generacijskih ra\u010dunov in dinami\u010dni mikrosimulacijski pokojninski model) za potrebe priprave Poro\u010dila o pokojninah (Skupina AWG pri EK) in projekcij izdatkov v okviru letnega Programa stabilnosti;<\/li><li>priprave strokovnih podlag in ocen posledic posameznih ukrepov oziroma reforme pokojninskega sistema;<\/li><li>sodelovanje v projektu MIGAPE, ki je ocenil bodo\u010do pokojninsko vrzel med spoloma;<\/li><li>sodelovanje od leta 2014 do 2022 v European Social Policy Network (ESPN) oziroma od 2022 dalje v Expert Network for Analytical Support in Social Policies (ENASSP), ki za Evropsko komisijo pripravlja neodvisna poro\u010dila kot podlago za oblikovanje politik in ukrepov;<\/li><li>sodelovanje v projektu \u00bbChild Guarantee\u00ab, ki je bil podlaga za jamstvo za ranljive otroke in potekajo\u010de konkretne ukrepe politik v EU;<\/li><li>sodelovanje (od leta 2005) v mednarodni mre\u017ei Leave Policy and Research Network,<\/li><li>sodelovanje v statisti\u010dnem sosvetu za statistiko \u017eivljenjske ravni in socialne za\u0161\u010dite;<\/li><li><span style=\"background-color: transparent; color: var( --e-global-color-text );\">\u010dlanstvo v uredni\u0161kih odborih znanstvenih revij: Revija za socijalnu politiku (Journal of Social Policy), Zagreb.<\/span><\/li><\/ul>\t\t\t\t\t\t\t\t<\/div>\n\t\t\t\t<\/div>\n\t\t\t\t\t<\/div>\n\t\t<\/div>\n\t\t\t\t<div class=\"elementor-column elementor-col-33 elementor-top-column elementor-element elementor-element-9136b4e\" data-id=\"9136b4e\" data-element_type=\"column\" data-e-type=\"column\">\n\t\t\t<div class=\"elementor-widget-wrap elementor-element-populated\">\n\t\t\t\t\t\t<section class=\"elementor-section elementor-inner-section elementor-element elementor-element-dc82db7 elementor-section-boxed elementor-section-height-default elementor-section-height-default wpr-particle-no wpr-jarallax-no wpr-parallax-no wpr-sticky-section-no wpr-equal-height-no\" data-id=\"dc82db7\" data-element_type=\"section\" data-e-type=\"section\" data-settings=\"{&quot;_ha_eqh_enable&quot;:false}\">\n\t\t\t\t\t\t<div class=\"elementor-container elementor-column-gap-default\">\n\t\t\t\t\t<div class=\"elementor-column elementor-col-100 elementor-inner-column elementor-element elementor-element-287b84d\" data-id=\"287b84d\" data-element_type=\"column\" data-e-type=\"column\" data-settings=\"{&quot;background_background&quot;:&quot;classic&quot;}\">\n\t\t\t<div class=\"elementor-widget-wrap elementor-element-populated\">\n\t\t\t\t\t\t<div class=\"elementor-element elementor-element-5e5a0f5 elementor-widget elementor-widget-image\" data-id=\"5e5a0f5\" data-element_type=\"widget\" data-e-type=\"widget\" data-widget_type=\"image.default\">\n\t\t\t\t<div class=\"elementor-widget-container\">\n\t\t\t\t\t\t\t\t\t\t\t\t\t\t\t<img decoding=\"async\" src=\"https:\/\/ier.si\/wp-content\/uploads\/2022\/10\/dr-Kump-Natasa-ier.png\" title=\"\" alt=\"\" loading=\"lazy\" \/>\t\t\t\t\t\t\t\t\t\t\t\t\t\t\t<\/div>\n\t\t\t\t<\/div>\n\t\t\t\t<div class=\"elementor-element elementor-element-6123962 elementor-widget elementor-widget-text-editor\" data-id=\"6123962\" data-element_type=\"widget\" data-e-type=\"widget\" data-widget_type=\"text-editor.default\">\n\t\t\t\t<div class=\"elementor-widget-container\">\n\t\t\t\t\t\t\t\t\t<p>dr. Nata\u0161a KUMP<br \/>Kontaktna oseba<\/p><p>t. +386 1 5303 824<br \/>e. <a href=\"mailto:natasa.kump@ier.si\">natasa.kump@ier.si<\/a><\/p>\t\t\t\t\t\t\t\t<\/div>\n\t\t\t\t<\/div>\n\t\t\t\t\t<\/div>\n\t\t<\/div>\n\t\t\t\t\t<\/div>\n\t\t<\/section>\n\t\t\t\t\t<\/div>\n\t\t<\/div>\n\t\t\t\t\t<\/div>\n\t\t<\/section>\n\t\t\t\t<section class=\"elementor-section elementor-top-section elementor-element elementor-element-26c1310 elementor-section-full_width elementor-section-height-default elementor-section-height-default wpr-particle-no wpr-jarallax-no wpr-parallax-no wpr-sticky-section-no wpr-equal-height-no\" data-id=\"26c1310\" data-element_type=\"section\" data-e-type=\"section\" data-settings=\"{&quot;background_background&quot;:&quot;classic&quot;,&quot;_ha_eqh_enable&quot;:false}\">\n\t\t\t\t\t\t\t<div class=\"elementor-background-overlay\"><\/div>\n\t\t\t\t\t\t\t<div class=\"elementor-container elementor-column-gap-default\">\n\t\t\t\t\t<div class=\"elementor-column elementor-col-50 elementor-top-column elementor-element elementor-element-19b8100e\" data-id=\"19b8100e\" data-element_type=\"column\" data-e-type=\"column\">\n\t\t\t<div class=\"elementor-widget-wrap\">\n\t\t\t\t\t\t\t<\/div>\n\t\t<\/div>\n\t\t\t\t<div class=\"elementor-column elementor-col-50 elementor-top-column elementor-element elementor-element-5556d747\" data-id=\"5556d747\" data-element_type=\"column\" data-e-type=\"column\">\n\t\t\t<div class=\"elementor-widget-wrap elementor-element-populated\">\n\t\t\t\t\t\t<div class=\"elementor-element elementor-element-16766d5f elementor-widget-divider--view-line elementor-widget elementor-widget-divider\" data-id=\"16766d5f\" data-element_type=\"widget\" data-e-type=\"widget\" data-widget_type=\"divider.default\">\n\t\t\t\t<div class=\"elementor-widget-container\">\n\t\t\t\t\t\t\t<div class=\"elementor-divider\">\n\t\t\t<span class=\"elementor-divider-separator\">\n\t\t\t\t\t\t<\/span>\n\t\t<\/div>\n\t\t\t\t\t\t<\/div>\n\t\t\t\t<\/div>\n\t\t\t\t<div class=\"elementor-element elementor-element-2d953bc elementor-widget elementor-widget-heading\" data-id=\"2d953bc\" data-element_type=\"widget\" data-e-type=\"widget\" data-widget_type=\"heading.default\">\n\t\t\t\t<div class=\"elementor-widget-container\">\n\t\t\t\t\t<h3 class=\"elementor-heading-title elementor-size-default\">PROJEKTI NA PODRO\u010cJU SOCIALNE VKLJU\u010cENOSTI IN POKOJNIN<\/h3>\t\t\t\t<\/div>\n\t\t\t\t<\/div>\n\t\t\t\t<div class=\"elementor-element elementor-element-6636640 wpr-grid-columns-5 wpr-grid-columns--mobile1 wpr-grid-columns--tablet2 wpr-grid-pagination-center wpr-item-styles-inner elementor-widget elementor-widget-wpr-grid\" data-id=\"6636640\" data-element_type=\"widget\" data-e-type=\"widget\" data-widget_type=\"wpr-grid.default\">\n\t\t\t\t<div class=\"elementor-widget-container\">\n\t\t\t\t\t<ul class=\"wpr-grid-filters elementor-clearfix wpr-grid-filters-sep-right\"><li class=\" wpr-pointer-none wpr-pointer-line-fx wpr-pointer-fx-fade\"><span  data-filter=\"*\" class=\"wpr-grid-filters-item wpr-active-filter \"><i class=\" wpr-grid-filters-icon-left\"><\/i>Vsi projekti<\/span><em class=\"wpr-grid-filters-sep\"><\/em><\/li><li class=\" wpr-pointer-none wpr-pointer-line-fx wpr-pointer-fx-fade\"><span   data-ajax-filter=[\"tip_projekta\",\"domaci-javni\"]  data-filter=\".tip_projekta-domaci-javni\"><i class=\" wpr-grid-filters-icon-left\"><\/i>Doma\u010di javni<\/span><em class=\"wpr-grid-filters-sep\"><\/em><\/li><li class=\" wpr-pointer-none wpr-pointer-line-fx wpr-pointer-fx-fade\"><span   data-ajax-filter=[\"tip_projekta\",\"domaci-trzni\"]  data-filter=\".tip_projekta-domaci-trzni\"><i class=\" wpr-grid-filters-icon-left\"><\/i>Doma\u010di tr\u017eni<\/span><em class=\"wpr-grid-filters-sep\"><\/em><\/li><li class=\" wpr-pointer-none wpr-pointer-line-fx wpr-pointer-fx-fade\"><span   data-ajax-filter=[\"tip_projekta\",\"tuji-javni\"]  data-filter=\".tip_projekta-tuji-javni\"><i class=\" wpr-grid-filters-icon-left\"><\/i>Tuji javni<\/span><em class=\"wpr-grid-filters-sep\"><\/em><\/li><li class=\" wpr-pointer-none wpr-pointer-line-fx wpr-pointer-fx-fade\"><span   data-ajax-filter=[\"tip_projekta\",\"tuji-trzni\"]  data-filter=\".tip_projekta-tuji-trzni\"><i class=\" wpr-grid-filters-icon-left\"><\/i>Tuji tr\u017eni<\/span><em class=\"wpr-grid-filters-sep\"><\/em><\/li><\/ul><section class=\"wpr-grid elementor-clearfix\" data-settings=\"{&quot;layout&quot;:&quot;fitRows&quot;,&quot;stick_last_element_to_bottom&quot;:&quot;&quot;,&quot;columns_desktop&quot;:&quot;5&quot;,&quot;gutter_hr&quot;:30,&quot;gutter_hr_mobile&quot;:30,&quot;gutter_hr_mobile_extra&quot;:30,&quot;gutter_hr_tablet&quot;:30,&quot;gutter_hr_tablet_extra&quot;:30,&quot;gutter_hr_laptop&quot;:30,&quot;gutter_hr_widescreen&quot;:30,&quot;gutter_vr&quot;:30,&quot;gutter_vr_mobile&quot;:60,&quot;gutter_vr_mobile_extra&quot;:30,&quot;gutter_vr_tablet&quot;:30,&quot;gutter_vr_tablet_extra&quot;:30,&quot;gutter_vr_laptop&quot;:30,&quot;gutter_vr_widescreen&quot;:30,&quot;animation&quot;:&quot;default&quot;,&quot;animation_duration&quot;:0.299999999999999988897769753748434595763683319091796875,&quot;animation_delay&quot;:0.1000000000000000055511151231257827021181583404541015625,&quot;deeplinking&quot;:&quot;&quot;,&quot;filters_linkable&quot;:&quot;no&quot;,&quot;filters_default_filter&quot;:&quot;&quot;,&quot;filters_count&quot;:&quot;&quot;,&quot;filters_hide_empty&quot;:&quot;no&quot;,&quot;filters_animation&quot;:&quot;default&quot;,&quot;filters_animation_duration&quot;:0.299999999999999988897769753748434595763683319091796875,&quot;filters_animation_delay&quot;:0.1000000000000000055511151231257827021181583404541015625,&quot;pagination_type&quot;:&quot;load-more&quot;,&quot;pagination_max_pages&quot;:1,&quot;lightbox&quot;:{&quot;selector&quot;:&quot;.wpr-grid-image-wrap&quot;,&quot;iframeMaxWidth&quot;:&quot;60%&quot;,&quot;hash&quot;:false,&quot;autoplay&quot;:&quot;true&quot;,&quot;pause&quot;:5000,&quot;progressBar&quot;:&quot;true&quot;,&quot;counter&quot;:&quot;true&quot;,&quot;controls&quot;:&quot;true&quot;,&quot;getCaptionFromTitleOrAlt&quot;:&quot;&quot;,&quot;thumbnail&quot;:&quot;&quot;,&quot;showThumbByDefault&quot;:&quot;true&quot;,&quot;share&quot;:&quot;&quot;,&quot;zoom&quot;:&quot;&quot;,&quot;fullScreen&quot;:&quot;&quot;,&quot;download&quot;:&quot;&quot;}}\" data-advanced-filters=\"no\"><article class=\"wpr-grid-item elementor-clearfix post-10869 projekti type-projekti status-publish format-standard hentry tip_projekta-tuji-trzni stanje_projekta-aktiven-projekt podrocje-socialna-vkljucenost-in-pokojnine\"><div class=\"wpr-grid-item-inner\"><div class=\"wpr-grid-item-below-content elementor-clearfix\"><h2 class=\"wpr-grid-item-title elementor-repeater-item-a12e5db wpr-grid-item-display-block wpr-grid-item-align-left wpr-pointer-none wpr-pointer-line-fx wpr-pointer-fx-slide\"><div class=\"inner-block\"><a target=\"_self\"  href=\"https:\/\/www.ier.si\/en\/projekti\/slovenia-background-paper-on-ageing-pol\/\">Slovenia: Background Paper on Ageing Pol<\/a><\/div><\/h2><div class=\"wpr-grid-item-custom-field elementor-repeater-item-ecb6631 wpr-grid-item-display-block wpr-grid-item-align-left wpr-grid-cf-style-1\"><div class=\"inner-block\"><span><span class=\"wpr-grid-extra-text-left\">Naro\u010dnik:<\/span><span>The World Bank Group<\/span><\/span><\/div><\/div><div class=\"wpr-grid-item-custom-field elementor-repeater-item-0f5557c wpr-grid-item-display-block wpr-grid-item-align-left wpr-grid-cf-style-1\"><div class=\"inner-block\"><span><span class=\"wpr-grid-extra-text-left\">Trajanje:<\/span><span>1. 11. 2025 do 19. 2. 2026<\/span><\/span><\/div><\/div><div class=\"wpr-grid-item-custom-field elementor-repeater-item-dfa2e64 wpr-grid-item-display-inline wpr-grid-item-align-left wpr-grid-cf-style-1\"><div class=\"inner-block\"><span><span class=\"wpr-grid-extra-text-left\">Vodja projekta:<\/span><span>Andra\u017e Rangus<\/span><\/span><\/div><\/div><div class=\"wpr-grid-item-read-more elementor-repeater-item-779385e wpr-grid-item-display-block wpr-grid-item-align-left\"><div class=\"inner-block\"><a target=\"_self\" href=\"https:\/\/www.ier.si\/en\/projekti\/slovenia-background-paper-on-ageing-pol\/\" class=\"wpr-button-effect wpr-button-none\"><span class=\"wpr-grid-extra-icon-left\"><i aria-hidden=\"true\" class=\"fas fa-search\"><\/i><\/span><span>Preberi ve\u010d \u00bb<\/span><\/a><\/div><\/div><\/div><\/div><\/article><article class=\"wpr-grid-item elementor-clearfix post-10363 projekti type-projekti status-publish format-standard hentry tip_projekta-domaci-javni stanje_projekta-aktiven-projekt podrocje-socialna-vkljucenost-in-pokojnine\"><div class=\"wpr-grid-item-inner\"><div class=\"wpr-grid-item-below-content elementor-clearfix\"><h2 class=\"wpr-grid-item-title elementor-repeater-item-a12e5db wpr-grid-item-display-block wpr-grid-item-align-left wpr-pointer-none wpr-pointer-line-fx wpr-pointer-fx-slide\"><div class=\"inner-block\"><a target=\"_self\"  href=\"https:\/\/www.ier.si\/en\/projekti\/10363\/\">SENIOR: analiza stanovanjskega in ekonomskega polo\u017eaja upokojencev glede na lastni\u0161tvo nepremi\u010dnin in ocena razlik<\/a><\/div><\/h2><div class=\"wpr-grid-item-custom-field elementor-repeater-item-78cf379 wpr-grid-item-display-block wpr-grid-item-align-left wpr-grid-cf-style-1\"><div class=\"inner-block\"><span><span class=\"wpr-grid-extra-text-left\">\u0160ifra:<\/span><span>V5-2502<\/span><\/span><\/div><\/div><div class=\"wpr-grid-item-custom-field elementor-repeater-item-ecb6631 wpr-grid-item-display-block wpr-grid-item-align-left wpr-grid-cf-style-1\"><div class=\"inner-block\"><span><span class=\"wpr-grid-extra-text-left\">Naro\u010dnik:<\/span><span>ARIS, MDDSZ<\/span><\/span><\/div><\/div><div class=\"wpr-grid-item-custom-field elementor-repeater-item-0f5557c wpr-grid-item-display-block wpr-grid-item-align-left wpr-grid-cf-style-1\"><div class=\"inner-block\"><span><span class=\"wpr-grid-extra-text-left\">Trajanje:<\/span><span>1. 9. 2025 do 31. 8. 2028<\/span><\/span><\/div><\/div><div class=\"wpr-grid-item-custom-field elementor-repeater-item-dfa2e64 wpr-grid-item-display-inline wpr-grid-item-align-left wpr-grid-cf-style-1\"><div class=\"inner-block\"><span><span class=\"wpr-grid-extra-text-left\">Vodja projekta:<\/span><span>Tja\u0161a Bartolj<\/span><\/span><\/div><\/div><div class=\"wpr-grid-item-read-more elementor-repeater-item-779385e wpr-grid-item-display-block wpr-grid-item-align-left\"><div class=\"inner-block\"><a target=\"_self\" href=\"https:\/\/www.ier.si\/en\/projekti\/10363\/\" class=\"wpr-button-effect wpr-button-none\"><span class=\"wpr-grid-extra-icon-left\"><i aria-hidden=\"true\" class=\"fas fa-search\"><\/i><\/span><span>Preberi ve\u010d \u00bb<\/span><\/a><\/div><\/div><\/div><\/div><\/article><article class=\"wpr-grid-item elementor-clearfix post-10602 projekti type-projekti status-publish format-standard hentry tip_projekta-tuji-trzni stanje_projekta-aktiven-projekt podrocje-socialna-vkljucenost-in-pokojnine\"><div class=\"wpr-grid-item-inner\"><div class=\"wpr-grid-item-below-content elementor-clearfix\"><h2 class=\"wpr-grid-item-title elementor-repeater-item-a12e5db wpr-grid-item-display-block wpr-grid-item-align-left wpr-pointer-none wpr-pointer-line-fx wpr-pointer-fx-slide\"><div class=\"inner-block\"><a target=\"_self\"  href=\"https:\/\/www.ier.si\/en\/projekti\/technical-support-for-the-development-and-update-of-euromod-2\/\">Technical support for the development and update of EUROMOD<\/a><\/div><\/h2><div class=\"wpr-grid-item-custom-field elementor-repeater-item-78cf379 wpr-grid-item-display-block wpr-grid-item-align-left wpr-grid-cf-style-1\"><div class=\"inner-block\"><span><span class=\"wpr-grid-extra-text-left\">\u0160ifra:<\/span><span>801000030<\/span><\/span><\/div><\/div><div class=\"wpr-grid-item-custom-field elementor-repeater-item-ecb6631 wpr-grid-item-display-block wpr-grid-item-align-left wpr-grid-cf-style-1\"><div class=\"inner-block\"><span><span class=\"wpr-grid-extra-text-left\">Naro\u010dnik:<\/span><span>EK<\/span><\/span><\/div><\/div><div class=\"wpr-grid-item-custom-field elementor-repeater-item-0f5557c wpr-grid-item-display-block wpr-grid-item-align-left wpr-grid-cf-style-1\"><div class=\"inner-block\"><span><span class=\"wpr-grid-extra-text-left\">Trajanje:<\/span><span>1. 2. 2025 do 29. 2. 2028<\/span><\/span><\/div><\/div><div class=\"wpr-grid-item-custom-field elementor-repeater-item-dfa2e64 wpr-grid-item-display-inline wpr-grid-item-align-left wpr-grid-cf-style-1\"><div class=\"inner-block\"><span><span class=\"wpr-grid-extra-text-left\">Vodja projekta:<\/span><span>Nata\u0161a Kump<\/span><\/span><\/div><\/div><div class=\"wpr-grid-item-read-more elementor-repeater-item-779385e wpr-grid-item-display-block wpr-grid-item-align-left\"><div class=\"inner-block\"><a target=\"_self\" href=\"https:\/\/www.ier.si\/en\/projekti\/technical-support-for-the-development-and-update-of-euromod-2\/\" class=\"wpr-button-effect wpr-button-none\"><span class=\"wpr-grid-extra-icon-left\"><i aria-hidden=\"true\" class=\"fas fa-search\"><\/i><\/span><span>Preberi ve\u010d \u00bb<\/span><\/a><\/div><\/div><\/div><\/div><\/article><article class=\"wpr-grid-item elementor-clearfix post-9397 projekti type-projekti status-publish format-standard hentry tip_projekta-domaci-javni stanje_projekta-zakljucen-projekt podrocje-socialna-vkljucenost-in-pokojnine\"><div class=\"wpr-grid-item-inner\"><div class=\"wpr-grid-item-below-content elementor-clearfix\"><h2 class=\"wpr-grid-item-title elementor-repeater-item-a12e5db wpr-grid-item-display-block wpr-grid-item-align-left wpr-pointer-none wpr-pointer-line-fx wpr-pointer-fx-slide\"><div class=\"inner-block\"><a target=\"_self\"  href=\"https:\/\/www.ier.si\/en\/projekti\/nadaljnji-razvoj-in-posodobitev-modela-generacijskih-racunov\/\">Nadaljnji razvoj in posodobitev modela generacijskih ra\u010dunov<\/a><\/div><\/h2><div class=\"wpr-grid-item-custom-field elementor-repeater-item-78cf379 wpr-grid-item-display-block wpr-grid-item-align-left wpr-grid-cf-style-1\"><div class=\"inner-block\"><span><span class=\"wpr-grid-extra-text-left\">\u0160ifra:<\/span><span>CRP V5-2345<\/span><\/span><\/div><\/div><div class=\"wpr-grid-item-custom-field elementor-repeater-item-ecb6631 wpr-grid-item-display-block wpr-grid-item-align-left wpr-grid-cf-style-1\"><div class=\"inner-block\"><span><span class=\"wpr-grid-extra-text-left\">Naro\u010dnik:<\/span><span>ARIS, MF<\/span><\/span><\/div><\/div><div class=\"wpr-grid-item-custom-field elementor-repeater-item-0f5557c wpr-grid-item-display-block wpr-grid-item-align-left wpr-grid-cf-style-1\"><div class=\"inner-block\"><span><span class=\"wpr-grid-extra-text-left\">Trajanje:<\/span><span>1. 10. 2023 do 30. 9. 2025<\/span><\/span><\/div><\/div><div class=\"wpr-grid-item-custom-field elementor-repeater-item-dfa2e64 wpr-grid-item-display-inline wpr-grid-item-align-left wpr-grid-cf-style-1\"><div class=\"inner-block\"><span><span class=\"wpr-grid-extra-text-left\">Vodja projekta:<\/span><span>Boris Majcen<\/span><\/span><\/div><\/div><div class=\"wpr-grid-item-read-more elementor-repeater-item-779385e wpr-grid-item-display-block wpr-grid-item-align-left\"><div class=\"inner-block\"><a target=\"_self\" href=\"https:\/\/www.ier.si\/en\/projekti\/nadaljnji-razvoj-in-posodobitev-modela-generacijskih-racunov\/\" class=\"wpr-button-effect wpr-button-none\"><span class=\"wpr-grid-extra-icon-left\"><i aria-hidden=\"true\" class=\"fas fa-search\"><\/i><\/span><span>Preberi ve\u010d \u00bb<\/span><\/a><\/div><\/div><\/div><\/div><\/article><article class=\"wpr-grid-item elementor-clearfix post-9319 projekti type-projekti status-publish format-standard hentry tip_projekta-domaci-javni stanje_projekta-zakljucen-projekt podrocje-socialna-vkljucenost-in-pokojnine\"><div class=\"wpr-grid-item-inner\"><div class=\"wpr-grid-item-below-content elementor-clearfix\"><h2 class=\"wpr-grid-item-title elementor-repeater-item-a12e5db wpr-grid-item-display-block wpr-grid-item-align-left wpr-pointer-none wpr-pointer-line-fx wpr-pointer-fx-slide\"><div class=\"inner-block\"><a target=\"_self\"  href=\"https:\/\/www.ier.si\/en\/projekti\/primerjalna-analiza-metodologij-izracuna-minimalnih-zivljenjskih-stroskov\/\">Primerjalna analiza metodologij izra\u010duna minimalnih \u017eivljenjskih stro\u0161kov<\/a><\/div><\/h2><div class=\"wpr-grid-item-custom-field elementor-repeater-item-78cf379 wpr-grid-item-display-block wpr-grid-item-align-left wpr-grid-cf-style-1\"><div class=\"inner-block\"><span><span class=\"wpr-grid-extra-text-left\">\u0160ifra:<\/span><span>CRP V5-2333<\/span><\/span><\/div><\/div><div class=\"wpr-grid-item-custom-field elementor-repeater-item-ecb6631 wpr-grid-item-display-block wpr-grid-item-align-left wpr-grid-cf-style-1\"><div class=\"inner-block\"><span><span class=\"wpr-grid-extra-text-left\">Naro\u010dnik:<\/span><span>ARIS, MDDSZ<\/span><\/span><\/div><\/div><div class=\"wpr-grid-item-custom-field elementor-repeater-item-0f5557c wpr-grid-item-display-block wpr-grid-item-align-left wpr-grid-cf-style-1\"><div class=\"inner-block\"><span><span class=\"wpr-grid-extra-text-left\">Trajanje:<\/span><span>1. 10. 2023 do 30. 9. 2024<\/span><\/span><\/div><\/div><div class=\"wpr-grid-item-custom-field elementor-repeater-item-dfa2e64 wpr-grid-item-display-inline wpr-grid-item-align-left wpr-grid-cf-style-1\"><div class=\"inner-block\"><span><span class=\"wpr-grid-extra-text-left\">Vodja projekta:<\/span><span>Barbara Kalar<\/span><\/span><\/div><\/div><div class=\"wpr-grid-item-read-more elementor-repeater-item-779385e wpr-grid-item-display-block wpr-grid-item-align-left\"><div class=\"inner-block\"><a target=\"_self\" href=\"https:\/\/www.ier.si\/en\/projekti\/primerjalna-analiza-metodologij-izracuna-minimalnih-zivljenjskih-stroskov\/\" class=\"wpr-button-effect wpr-button-none\"><span class=\"wpr-grid-extra-icon-left\"><i aria-hidden=\"true\" class=\"fas fa-search\"><\/i><\/span><span>Preberi ve\u010d \u00bb<\/span><\/a><\/div><\/div><\/div><\/div><\/article><article class=\"wpr-grid-item elementor-clearfix post-6939 projekti type-projekti status-publish format-standard hentry tip_projekta-tuji-javni stanje_projekta-aktiven-projekt podrocje-socialna-vkljucenost-in-pokojnine\"><div class=\"wpr-grid-item-inner\"><div class=\"wpr-grid-item-below-content elementor-clearfix\"><h2 class=\"wpr-grid-item-title elementor-repeater-item-a12e5db wpr-grid-item-display-block wpr-grid-item-align-left wpr-pointer-none wpr-pointer-line-fx wpr-pointer-fx-slide\"><div class=\"inner-block\"><a target=\"_self\"  href=\"https:\/\/www.ier.si\/en\/projekti\/sustainable-welfare-rethinking-the-roles-of-family-market-and-state\/\">Sustainable Welfare: Rethinking the roles of Family, Market and State (Horizon Europe)<\/a><\/div><\/h2><div class=\"wpr-grid-item-custom-field elementor-repeater-item-78cf379 wpr-grid-item-display-block wpr-grid-item-align-left wpr-grid-cf-style-1\"><div class=\"inner-block\"><span><span class=\"wpr-grid-extra-text-left\">\u0160ifra:<\/span><span>101095175<\/span><\/span><\/div><\/div><div class=\"wpr-grid-item-custom-field elementor-repeater-item-ecb6631 wpr-grid-item-display-block wpr-grid-item-align-left wpr-grid-cf-style-1\"><div class=\"inner-block\"><span><span class=\"wpr-grid-extra-text-left\">Naro\u010dnik:<\/span><span>EK<\/span><\/span><\/div><\/div><div class=\"wpr-grid-item-custom-field elementor-repeater-item-0f5557c wpr-grid-item-display-block wpr-grid-item-align-left wpr-grid-cf-style-1\"><div class=\"inner-block\"><span><span class=\"wpr-grid-extra-text-left\">Trajanje:<\/span><span>1. 2. 2023 do 31. 1. 2027<\/span><\/span><\/div><\/div><div class=\"wpr-grid-item-custom-field elementor-repeater-item-dfa2e64 wpr-grid-item-display-inline wpr-grid-item-align-left wpr-grid-cf-style-1\"><div class=\"inner-block\"><span><span class=\"wpr-grid-extra-text-left\">Vodja projekta:<\/span><span>Nata\u0161a Kump<\/span><\/span><\/div><\/div><div class=\"wpr-grid-item-read-more elementor-repeater-item-779385e wpr-grid-item-display-block wpr-grid-item-align-left\"><div class=\"inner-block\"><a target=\"_self\" href=\"https:\/\/www.ier.si\/en\/projekti\/sustainable-welfare-rethinking-the-roles-of-family-market-and-state\/\" class=\"wpr-button-effect wpr-button-none\"><span class=\"wpr-grid-extra-icon-left\"><i aria-hidden=\"true\" class=\"fas fa-search\"><\/i><\/span><span>Preberi ve\u010d \u00bb<\/span><\/a><\/div><\/div><\/div><\/div><\/article><article class=\"wpr-grid-item elementor-clearfix post-8447 projekti type-projekti status-publish format-standard hentry tip_projekta-tuji-trzni stanje_projekta-aktiven-projekt podrocje-socialna-vkljucenost-in-pokojnine\"><div class=\"wpr-grid-item-inner\"><div class=\"wpr-grid-item-below-content elementor-clearfix\"><h2 class=\"wpr-grid-item-title elementor-repeater-item-a12e5db wpr-grid-item-display-block wpr-grid-item-align-left wpr-pointer-none wpr-pointer-line-fx wpr-pointer-fx-slide\"><div class=\"inner-block\"><a target=\"_self\"  href=\"https:\/\/www.ier.si\/en\/projekti\/expert-network-for-analytical-support-in-social-policies-enassp\/\">Expert Network for Analytical Support in Social Policies (ENASSP)<\/a><\/div><\/h2><div class=\"wpr-grid-item-custom-field elementor-repeater-item-ecb6631 wpr-grid-item-display-block wpr-grid-item-align-left wpr-grid-cf-style-1\"><div class=\"inner-block\"><span><span class=\"wpr-grid-extra-text-left\">Naro\u010dnik:<\/span><span>EK \/ LISER<\/span><\/span><\/div><\/div><div class=\"wpr-grid-item-custom-field elementor-repeater-item-0f5557c wpr-grid-item-display-block wpr-grid-item-align-left wpr-grid-cf-style-1\"><div class=\"inner-block\"><span><span class=\"wpr-grid-extra-text-left\">Trajanje:<\/span><span>15. 11. 2022 do 14. 11. 2026<\/span><\/span><\/div><\/div><div class=\"wpr-grid-item-custom-field elementor-repeater-item-dfa2e64 wpr-grid-item-display-inline wpr-grid-item-align-left wpr-grid-cf-style-1\"><div class=\"inner-block\"><span><span class=\"wpr-grid-extra-text-left\">Vodja projekta:<\/span><span>Boris Majcen<\/span><\/span><\/div><\/div><div class=\"wpr-grid-item-read-more elementor-repeater-item-779385e wpr-grid-item-display-block wpr-grid-item-align-left\"><div class=\"inner-block\"><a target=\"_self\" href=\"https:\/\/www.ier.si\/en\/projekti\/expert-network-for-analytical-support-in-social-policies-enassp\/\" class=\"wpr-button-effect wpr-button-none\"><span class=\"wpr-grid-extra-icon-left\"><i aria-hidden=\"true\" class=\"fas fa-search\"><\/i><\/span><span>Preberi ve\u010d \u00bb<\/span><\/a><\/div><\/div><\/div><\/div><\/article><article class=\"wpr-grid-item elementor-clearfix post-6948 projekti type-projekti status-publish format-standard hentry tip_projekta-domaci-trzni stanje_projekta-zakljucen-projekt podrocje-socialna-vkljucenost-in-pokojnine\"><div class=\"wpr-grid-item-inner\"><div class=\"wpr-grid-item-below-content elementor-clearfix\"><h2 class=\"wpr-grid-item-title elementor-repeater-item-a12e5db wpr-grid-item-display-block wpr-grid-item-align-left wpr-pointer-none wpr-pointer-line-fx wpr-pointer-fx-slide\"><div class=\"inner-block\"><a target=\"_self\"  href=\"https:\/\/www.ier.si\/en\/projekti\/raziskava-o-socio-ekonomskem-polozaju-upokojencev\/\">Socialno-ekonomski polo\u017eaj upokojencev, delovnih invalidov in starej\u0161ega prebivalstva<\/a><\/div><\/h2><div class=\"wpr-grid-item-custom-field elementor-repeater-item-ecb6631 wpr-grid-item-display-block wpr-grid-item-align-left wpr-grid-cf-style-1\"><div class=\"inner-block\"><span><span class=\"wpr-grid-extra-text-left\">Naro\u010dnik:<\/span><span>ZPIZ<\/span><\/span><\/div><\/div><div class=\"wpr-grid-item-custom-field elementor-repeater-item-0f5557c wpr-grid-item-display-block wpr-grid-item-align-left wpr-grid-cf-style-1\"><div class=\"inner-block\"><span><span class=\"wpr-grid-extra-text-left\">Trajanje:<\/span><span>21. 4. 2022 do 30. 9. 2022<\/span><\/span><\/div><\/div><div class=\"wpr-grid-item-custom-field elementor-repeater-item-dfa2e64 wpr-grid-item-display-inline wpr-grid-item-align-left wpr-grid-cf-style-1\"><div class=\"inner-block\"><span><span class=\"wpr-grid-extra-text-left\">Vodja projekta:<\/span><span>Nata\u0161a Kump<\/span><\/span><\/div><\/div><div class=\"wpr-grid-item-read-more elementor-repeater-item-779385e wpr-grid-item-display-block wpr-grid-item-align-left\"><div class=\"inner-block\"><a target=\"_self\" href=\"https:\/\/www.ier.si\/en\/projekti\/raziskava-o-socio-ekonomskem-polozaju-upokojencev\/\" class=\"wpr-button-effect wpr-button-none\"><span class=\"wpr-grid-extra-icon-left\"><i aria-hidden=\"true\" class=\"fas fa-search\"><\/i><\/span><span>Preberi ve\u010d \u00bb<\/span><\/a><\/div><\/div><\/div><\/div><\/article><article class=\"wpr-grid-item elementor-clearfix post-6944 projekti type-projekti status-publish format-standard hentry tip_projekta-domaci-trzni stanje_projekta-zakljucen-projekt podrocje-socialna-vkljucenost-in-pokojnine\"><div class=\"wpr-grid-item-inner\"><div class=\"wpr-grid-item-below-content elementor-clearfix\"><h2 class=\"wpr-grid-item-title elementor-repeater-item-a12e5db wpr-grid-item-display-block wpr-grid-item-align-left wpr-pointer-none wpr-pointer-line-fx wpr-pointer-fx-slide\"><div class=\"inner-block\"><a target=\"_self\"  href=\"https:\/\/www.ier.si\/en\/projekti\/izvedba-in-posredovanje-izsledkov-raziskave-o-minimalnihzivljenjskih-stroskih\/\">Izvedba in posredovanje izsledkov raziskave o minimalnih \u017eivljenjskih stro\u0161kih<\/a><\/div><\/h2><div class=\"wpr-grid-item-custom-field elementor-repeater-item-ecb6631 wpr-grid-item-display-block wpr-grid-item-align-left wpr-grid-cf-style-1\"><div class=\"inner-block\"><span><span class=\"wpr-grid-extra-text-left\">Naro\u010dnik:<\/span><span>MDDSZ<\/span><\/span><\/div><\/div><div class=\"wpr-grid-item-custom-field elementor-repeater-item-0f5557c wpr-grid-item-display-block wpr-grid-item-align-left wpr-grid-cf-style-1\"><div class=\"inner-block\"><span><span class=\"wpr-grid-extra-text-left\">Trajanje:<\/span><span>1. 2. 2022 do 10. 10. 2022<\/span><\/span><\/div><\/div><div class=\"wpr-grid-item-custom-field elementor-repeater-item-dfa2e64 wpr-grid-item-display-inline wpr-grid-item-align-left wpr-grid-cf-style-1\"><div class=\"inner-block\"><span><span class=\"wpr-grid-extra-text-left\">Vodja projekta:<\/span><span>Nada Stropnik<\/span><\/span><\/div><\/div><div class=\"wpr-grid-item-read-more elementor-repeater-item-779385e wpr-grid-item-display-block wpr-grid-item-align-left\"><div class=\"inner-block\"><a target=\"_self\" href=\"https:\/\/www.ier.si\/en\/projekti\/izvedba-in-posredovanje-izsledkov-raziskave-o-minimalnihzivljenjskih-stroskih\/\" class=\"wpr-button-effect wpr-button-none\"><span class=\"wpr-grid-extra-icon-left\"><i aria-hidden=\"true\" class=\"fas fa-search\"><\/i><\/span><span>Preberi ve\u010d \u00bb<\/span><\/a><\/div><\/div><\/div><\/div><\/article><article class=\"wpr-grid-item elementor-clearfix post-6959 projekti type-projekti status-publish format-standard hentry tip_projekta-tuji-trzni stanje_projekta-zakljucen-projekt podrocje-socialna-vkljucenost-in-pokojnine\"><div class=\"wpr-grid-item-inner\"><div class=\"wpr-grid-item-below-content elementor-clearfix\"><h2 class=\"wpr-grid-item-title elementor-repeater-item-a12e5db wpr-grid-item-display-block wpr-grid-item-align-left wpr-pointer-none wpr-pointer-line-fx wpr-pointer-fx-slide\"><div class=\"inner-block\"><a target=\"_self\"  href=\"https:\/\/www.ier.si\/en\/projekti\/exploratory-study-filling-in-the-knowledge-gaps-and-identifying-strengths-and-challenges-in-the-effectiveness-of-the-eu-member-states-minimum-income-schemes\/\">Exploratory study: filling in the knowledge gaps and identifying strengths and challenges in the effectiveness of the EU Member States\u2019&hellip;<\/a><\/div><\/h2><div class=\"wpr-grid-item-custom-field elementor-repeater-item-ecb6631 wpr-grid-item-display-block wpr-grid-item-align-left wpr-grid-cf-style-1\"><div class=\"inner-block\"><span><span class=\"wpr-grid-extra-text-left\">Naro\u010dnik:<\/span><span>Applica<\/span><\/span><\/div><\/div><div class=\"wpr-grid-item-custom-field elementor-repeater-item-0f5557c wpr-grid-item-display-block wpr-grid-item-align-left wpr-grid-cf-style-1\"><div class=\"inner-block\"><span><span class=\"wpr-grid-extra-text-left\">Trajanje:<\/span><span>30. 9. 2021 do 28. 2. 2022<\/span><\/span><\/div><\/div><div class=\"wpr-grid-item-custom-field elementor-repeater-item-dfa2e64 wpr-grid-item-display-inline wpr-grid-item-align-left wpr-grid-cf-style-1\"><div class=\"inner-block\"><span><span class=\"wpr-grid-extra-text-left\">Vodja projekta:<\/span><span>Nada Stropnik<\/span><\/span><\/div><\/div><div class=\"wpr-grid-item-read-more elementor-repeater-item-779385e wpr-grid-item-display-block wpr-grid-item-align-left\"><div class=\"inner-block\"><a target=\"_self\" href=\"https:\/\/www.ier.si\/en\/projekti\/exploratory-study-filling-in-the-knowledge-gaps-and-identifying-strengths-and-challenges-in-the-effectiveness-of-the-eu-member-states-minimum-income-schemes\/\" class=\"wpr-button-effect wpr-button-none\"><span class=\"wpr-grid-extra-icon-left\"><i aria-hidden=\"true\" class=\"fas fa-search\"><\/i><\/span><span>Preberi ve\u010d \u00bb<\/span><\/a><\/div><\/div><\/div><\/div><\/article><article class=\"wpr-grid-item elementor-clearfix post-6949 projekti type-projekti status-publish format-standard hentry tip_projekta-tuji-trzni stanje_projekta-zakljucen-projekt podrocje-socialna-vkljucenost-in-pokojnine\"><div class=\"wpr-grid-item-inner\"><div class=\"wpr-grid-item-below-content elementor-clearfix\"><h2 class=\"wpr-grid-item-title elementor-repeater-item-a12e5db wpr-grid-item-display-block wpr-grid-item-align-left wpr-pointer-none wpr-pointer-line-fx wpr-pointer-fx-slide\"><div class=\"inner-block\"><a target=\"_self\"  href=\"https:\/\/www.ier.si\/en\/projekti\/technical-support-for-the-development-and-update-of-euromod\/\">Technical Support for the Development and Update of EUROMOD<\/a><\/div><\/h2><div class=\"wpr-grid-item-custom-field elementor-repeater-item-78cf379 wpr-grid-item-display-block wpr-grid-item-align-left wpr-grid-cf-style-1\"><div class=\"inner-block\"><span><span class=\"wpr-grid-extra-text-left\">\u0160ifra:<\/span><span>940643-2020 SI<\/span><\/span><\/div><\/div><div class=\"wpr-grid-item-custom-field elementor-repeater-item-ecb6631 wpr-grid-item-display-block wpr-grid-item-align-left wpr-grid-cf-style-1\"><div class=\"inner-block\"><span><span class=\"wpr-grid-extra-text-left\">Naro\u010dnik:<\/span><span>EK<\/span><\/span><\/div><\/div><div class=\"wpr-grid-item-custom-field elementor-repeater-item-0f5557c wpr-grid-item-display-block wpr-grid-item-align-left wpr-grid-cf-style-1\"><div class=\"inner-block\"><span><span class=\"wpr-grid-extra-text-left\">Trajanje:<\/span><span>4. 1. 2021 do 31. 12. 2024<\/span><\/span><\/div><\/div><div class=\"wpr-grid-item-custom-field elementor-repeater-item-dfa2e64 wpr-grid-item-display-inline wpr-grid-item-align-left wpr-grid-cf-style-1\"><div class=\"inner-block\"><span><span class=\"wpr-grid-extra-text-left\">Vodja projekta:<\/span><span>Nata\u0161a Kump<\/span><\/span><\/div><\/div><div class=\"wpr-grid-item-read-more elementor-repeater-item-779385e wpr-grid-item-display-block wpr-grid-item-align-left\"><div class=\"inner-block\"><a target=\"_self\" href=\"https:\/\/www.ier.si\/en\/projekti\/technical-support-for-the-development-and-update-of-euromod\/\" class=\"wpr-button-effect wpr-button-none\"><span class=\"wpr-grid-extra-icon-left\"><i aria-hidden=\"true\" class=\"fas fa-search\"><\/i><\/span><span>Preberi ve\u010d \u00bb<\/span><\/a><\/div><\/div><\/div><\/div><\/article><article class=\"wpr-grid-item elementor-clearfix post-6963 projekti type-projekti status-publish format-standard hentry tip_projekta-domaci-trzni stanje_projekta-zakljucen-projekt podrocje-socialna-vkljucenost-in-pokojnine\"><div class=\"wpr-grid-item-inner\"><div class=\"wpr-grid-item-below-content elementor-clearfix\"><h2 class=\"wpr-grid-item-title elementor-repeater-item-a12e5db wpr-grid-item-display-block wpr-grid-item-align-left wpr-pointer-none wpr-pointer-line-fx wpr-pointer-fx-slide\"><div class=\"inner-block\"><a target=\"_self\"  href=\"https:\/\/www.ier.si\/en\/projekti\/analiza-pomena-drugega-pokojninskega-stebra-v-luci-predlaganih-sprememb-na-podrocju-pokojnin\/\">Analiza pomena drugega pokojninskega stebra v lu\u010di predlaganih sprememb na podro\u010dju pokojnin<\/a><\/div><\/h2><div class=\"wpr-grid-item-custom-field elementor-repeater-item-ecb6631 wpr-grid-item-display-block wpr-grid-item-align-left wpr-grid-cf-style-1\"><div class=\"inner-block\"><span><span class=\"wpr-grid-extra-text-left\">Naro\u010dnik:<\/span><span>SZZ<\/span><\/span><\/div><\/div><div class=\"wpr-grid-item-custom-field elementor-repeater-item-0f5557c wpr-grid-item-display-block wpr-grid-item-align-left wpr-grid-cf-style-1\"><div class=\"inner-block\"><span><span class=\"wpr-grid-extra-text-left\">Trajanje:<\/span><span>17. 6. 2019 do 31. 12. 2019<\/span><\/span><\/div><\/div><div class=\"wpr-grid-item-custom-field elementor-repeater-item-dfa2e64 wpr-grid-item-display-inline wpr-grid-item-align-left wpr-grid-cf-style-1\"><div class=\"inner-block\"><span><span class=\"wpr-grid-extra-text-left\">Vodja projekta:<\/span><span>Boris Majcen<\/span><\/span><\/div><\/div><div class=\"wpr-grid-item-read-more elementor-repeater-item-779385e wpr-grid-item-display-block wpr-grid-item-align-left\"><div class=\"inner-block\"><a target=\"_self\" href=\"https:\/\/www.ier.si\/en\/projekti\/analiza-pomena-drugega-pokojninskega-stebra-v-luci-predlaganih-sprememb-na-podrocju-pokojnin\/\" class=\"wpr-button-effect wpr-button-none\"><span class=\"wpr-grid-extra-icon-left\"><i aria-hidden=\"true\" class=\"fas fa-search\"><\/i><\/span><span>Preberi ve\u010d \u00bb<\/span><\/a><\/div><\/div><\/div><\/div><\/article><article class=\"wpr-grid-item elementor-clearfix post-6970 projekti type-projekti status-publish format-standard hentry tip_projekta-domaci-trzni stanje_projekta-zakljucen-projekt podrocje-socialna-vkljucenost-in-pokojnine\"><div class=\"wpr-grid-item-inner\"><div class=\"wpr-grid-item-below-content elementor-clearfix\"><h2 class=\"wpr-grid-item-title elementor-repeater-item-a12e5db wpr-grid-item-display-block wpr-grid-item-align-left wpr-pointer-none wpr-pointer-line-fx wpr-pointer-fx-slide\"><div class=\"inner-block\"><a target=\"_self\"  href=\"https:\/\/www.ier.si\/en\/projekti\/moje-delo-moja-pokojnina\/\">Moje delo.Moja pokojnina<\/a><\/div><\/h2><div class=\"wpr-grid-item-custom-field elementor-repeater-item-ecb6631 wpr-grid-item-display-block wpr-grid-item-align-left wpr-grid-cf-style-1\"><div class=\"inner-block\"><span><span class=\"wpr-grid-extra-text-left\">Naro\u010dnik:<\/span><span>MDDSZ<\/span><\/span><\/div><\/div><div class=\"wpr-grid-item-custom-field elementor-repeater-item-0f5557c wpr-grid-item-display-block wpr-grid-item-align-left wpr-grid-cf-style-1\"><div class=\"inner-block\"><span><span class=\"wpr-grid-extra-text-left\">Trajanje:<\/span><span>10. 5. 2019 do 31. 10. 2020<\/span><\/span><\/div><\/div><div class=\"wpr-grid-item-custom-field elementor-repeater-item-dfa2e64 wpr-grid-item-display-inline wpr-grid-item-align-left wpr-grid-cf-style-1\"><div class=\"inner-block\"><span><span class=\"wpr-grid-extra-text-left\">Vodja projekta:<\/span><span>Nata\u0161a Kump<\/span><\/span><\/div><\/div><div class=\"wpr-grid-item-read-more elementor-repeater-item-779385e wpr-grid-item-display-block wpr-grid-item-align-left\"><div class=\"inner-block\"><a target=\"_self\" href=\"https:\/\/www.ier.si\/en\/projekti\/moje-delo-moja-pokojnina\/\" class=\"wpr-button-effect wpr-button-none\"><span class=\"wpr-grid-extra-icon-left\"><i aria-hidden=\"true\" class=\"fas fa-search\"><\/i><\/span><span>Preberi ve\u010d \u00bb<\/span><\/a><\/div><\/div><\/div><\/div><\/article><article class=\"wpr-grid-item elementor-clearfix post-6969 projekti type-projekti status-publish format-standard hentry tip_projekta-tuji-javni stanje_projekta-zakljucen-projekt podrocje-socialna-vkljucenost-in-pokojnine\"><div class=\"wpr-grid-item-inner\"><div class=\"wpr-grid-item-below-content elementor-clearfix\"><h2 class=\"wpr-grid-item-title elementor-repeater-item-a12e5db wpr-grid-item-display-block wpr-grid-item-align-left wpr-pointer-none wpr-pointer-line-fx wpr-pointer-fx-slide\"><div class=\"inner-block\"><a target=\"_self\"  href=\"https:\/\/www.ier.si\/en\/projekti\/mind-the-gap-in-pensions-simulation-and-knowledge-dissemination-on-gender-gaps-their-underlying-causes-and-how-they-could-be-reduced-horizon-2020\/\">Mind the Gap in Pensions; Simulation and knowledge dissemination on gender gaps, their underlying causes, and how they could be&hellip;<\/a><\/div><\/h2><div class=\"wpr-grid-item-custom-field elementor-repeater-item-78cf379 wpr-grid-item-display-block wpr-grid-item-align-left wpr-grid-cf-style-1\"><div class=\"inner-block\"><span><span class=\"wpr-grid-extra-text-left\">\u0160ifra:<\/span><span>820798<\/span><\/span><\/div><\/div><div class=\"wpr-grid-item-custom-field elementor-repeater-item-ecb6631 wpr-grid-item-display-block wpr-grid-item-align-left wpr-grid-cf-style-1\"><div class=\"inner-block\"><span><span class=\"wpr-grid-extra-text-left\">Naro\u010dnik:<\/span><span>EK<\/span><\/span><\/div><\/div><div class=\"wpr-grid-item-custom-field elementor-repeater-item-0f5557c wpr-grid-item-display-block wpr-grid-item-align-left wpr-grid-cf-style-1\"><div class=\"inner-block\"><span><span class=\"wpr-grid-extra-text-left\">Trajanje:<\/span><span>1. 4. 2019 do 31. 3. 2021<\/span><\/span><\/div><\/div><div class=\"wpr-grid-item-custom-field elementor-repeater-item-dfa2e64 wpr-grid-item-display-inline wpr-grid-item-align-left wpr-grid-cf-style-1\"><div class=\"inner-block\"><span><span class=\"wpr-grid-extra-text-left\">Vodja projekta:<\/span><span>Nata\u0161a Kump<\/span><\/span><\/div><\/div><div class=\"wpr-grid-item-read-more elementor-repeater-item-779385e wpr-grid-item-display-block wpr-grid-item-align-left\"><div class=\"inner-block\"><a target=\"_self\" href=\"https:\/\/www.ier.si\/en\/projekti\/mind-the-gap-in-pensions-simulation-and-knowledge-dissemination-on-gender-gaps-their-underlying-causes-and-how-they-could-be-reduced-horizon-2020\/\" class=\"wpr-button-effect wpr-button-none\"><span class=\"wpr-grid-extra-icon-left\"><i aria-hidden=\"true\" class=\"fas fa-search\"><\/i><\/span><span>Preberi ve\u010d \u00bb<\/span><\/a><\/div><\/div><\/div><\/div><\/article><article class=\"wpr-grid-item elementor-clearfix post-6960 projekti type-projekti status-publish format-standard hentry tip_projekta-tuji-trzni stanje_projekta-zakljucen-projekt podrocje-socialna-vkljucenost-in-pokojnine\"><div class=\"wpr-grid-item-inner\"><div class=\"wpr-grid-item-below-content elementor-clearfix\"><h2 class=\"wpr-grid-item-title elementor-repeater-item-a12e5db wpr-grid-item-display-block wpr-grid-item-align-left wpr-pointer-none wpr-pointer-line-fx wpr-pointer-fx-slide\"><div class=\"inner-block\"><a target=\"_self\"  href=\"https:\/\/www.ier.si\/en\/projekti\/child-guarantee-national-independent-expert\/\">Feasibility study for a child guarantee &#8211; national independent expert<\/a><\/div><\/h2><div class=\"wpr-grid-item-custom-field elementor-repeater-item-ecb6631 wpr-grid-item-display-block wpr-grid-item-align-left wpr-grid-cf-style-1\"><div class=\"inner-block\"><span><span class=\"wpr-grid-extra-text-left\">Naro\u010dnik:<\/span><span>LISER<\/span><\/span><\/div><\/div><div class=\"wpr-grid-item-custom-field elementor-repeater-item-0f5557c wpr-grid-item-display-block wpr-grid-item-align-left wpr-grid-cf-style-1\"><div class=\"inner-block\"><span><span class=\"wpr-grid-extra-text-left\">Trajanje:<\/span><span>27. 9. 2018 do 31. 1. 2021<\/span><\/span><\/div><\/div><div class=\"wpr-grid-item-custom-field elementor-repeater-item-dfa2e64 wpr-grid-item-display-inline wpr-grid-item-align-left wpr-grid-cf-style-1\"><div class=\"inner-block\"><span><span class=\"wpr-grid-extra-text-left\">Vodja projekta:<\/span><span>Nada Stropnik<\/span><\/span><\/div><\/div><div class=\"wpr-grid-item-read-more elementor-repeater-item-779385e wpr-grid-item-display-block wpr-grid-item-align-left\"><div class=\"inner-block\"><a target=\"_self\" href=\"https:\/\/www.ier.si\/en\/projekti\/child-guarantee-national-independent-expert\/\" class=\"wpr-button-effect wpr-button-none\"><span class=\"wpr-grid-extra-icon-left\"><i aria-hidden=\"true\" class=\"fas fa-search\"><\/i><\/span><span>Preberi ve\u010d \u00bb<\/span><\/a><\/div><\/div><\/div><\/div><\/article><article class=\"wpr-grid-item elementor-clearfix post-4740 projekti type-projekti status-publish format-standard hentry tip_projekta-tuji-trzni stanje_projekta-zakljucen-projekt podrocje-socialna-vkljucenost-in-pokojnine\"><div class=\"wpr-grid-item-inner\"><div class=\"wpr-grid-item-below-content elementor-clearfix\"><h2 class=\"wpr-grid-item-title elementor-repeater-item-a12e5db wpr-grid-item-display-block wpr-grid-item-align-left wpr-pointer-none wpr-pointer-line-fx wpr-pointer-fx-slide\"><div class=\"inner-block\"><a target=\"_self\"  href=\"https:\/\/www.ier.si\/en\/projekti\/european-social-policy-network\/\">European Social Policy Network<\/a><\/div><\/h2><div class=\"wpr-grid-item-custom-field elementor-repeater-item-ecb6631 wpr-grid-item-display-block wpr-grid-item-align-left wpr-grid-cf-style-1\"><div class=\"inner-block\"><span><span class=\"wpr-grid-extra-text-left\">Naro\u010dnik:<\/span><span>EK<\/span><\/span><\/div><\/div><div class=\"wpr-grid-item-custom-field elementor-repeater-item-0f5557c wpr-grid-item-display-block wpr-grid-item-align-left wpr-grid-cf-style-1\"><div class=\"inner-block\"><span><span class=\"wpr-grid-extra-text-left\">Trajanje:<\/span><span>15. 9. 2018 do 14. 9. 2022<\/span><\/span><\/div><\/div><div class=\"wpr-grid-item-custom-field elementor-repeater-item-dfa2e64 wpr-grid-item-display-inline wpr-grid-item-align-left wpr-grid-cf-style-1\"><div class=\"inner-block\"><span><span class=\"wpr-grid-extra-text-left\">Vodja projekta:<\/span><span>Nada Stropnik<\/span><\/span><\/div><\/div><div class=\"wpr-grid-item-read-more elementor-repeater-item-779385e wpr-grid-item-display-block wpr-grid-item-align-left\"><div class=\"inner-block\"><a target=\"_self\" href=\"https:\/\/www.ier.si\/en\/projekti\/european-social-policy-network\/\" class=\"wpr-button-effect wpr-button-none\"><span class=\"wpr-grid-extra-icon-left\"><i aria-hidden=\"true\" class=\"fas fa-search\"><\/i><\/span><span>Preberi ve\u010d \u00bb<\/span><\/a><\/div><\/div><\/div><\/div><\/article><article class=\"wpr-grid-item elementor-clearfix post-6940 projekti type-projekti status-publish format-standard hentry tip_projekta-tuji-javni stanje_projekta-zakljucen-projekt podrocje-socialna-vkljucenost-in-pokojnine podrocje-trg-dela-in-izobrazevanje\"><div class=\"wpr-grid-item-inner\"><div class=\"wpr-grid-item-below-content elementor-clearfix\"><h2 class=\"wpr-grid-item-title elementor-repeater-item-a12e5db wpr-grid-item-display-block wpr-grid-item-align-left wpr-pointer-none wpr-pointer-line-fx wpr-pointer-fx-slide\"><div class=\"inner-block\"><a target=\"_self\"  href=\"https:\/\/www.ier.si\/en\/projekti\/nadgradnja-analiticnih-modelov-na-podrocju-pokojninskega-sistema\/\">Nadgradnja analiti\u010dnih modelov na podro\u010dju pokojninskega sistema<\/a><\/div><\/h2><div class=\"wpr-grid-item-custom-field elementor-repeater-item-ecb6631 wpr-grid-item-display-block wpr-grid-item-align-left wpr-grid-cf-style-1\"><div class=\"inner-block\"><span><span class=\"wpr-grid-extra-text-left\">Naro\u010dnik:<\/span><span>MDDSZ<\/span><\/span><\/div><\/div><div class=\"wpr-grid-item-custom-field elementor-repeater-item-0f5557c wpr-grid-item-display-block wpr-grid-item-align-left wpr-grid-cf-style-1\"><div class=\"inner-block\"><span><span class=\"wpr-grid-extra-text-left\">Trajanje:<\/span><span>1. 1. 2018 do 31. 3. 2023<\/span><\/span><\/div><\/div><div class=\"wpr-grid-item-custom-field elementor-repeater-item-dfa2e64 wpr-grid-item-display-inline wpr-grid-item-align-left wpr-grid-cf-style-1\"><div class=\"inner-block\"><span><span class=\"wpr-grid-extra-text-left\">Vodja projekta:<\/span><span>Boris Majcen<\/span><\/span><\/div><\/div><div class=\"wpr-grid-item-read-more elementor-repeater-item-779385e wpr-grid-item-display-block wpr-grid-item-align-left\"><div class=\"inner-block\"><a target=\"_self\" href=\"https:\/\/www.ier.si\/en\/projekti\/nadgradnja-analiticnih-modelov-na-podrocju-pokojninskega-sistema\/\" class=\"wpr-button-effect wpr-button-none\"><span class=\"wpr-grid-extra-icon-left\"><i aria-hidden=\"true\" class=\"fas fa-search\"><\/i><\/span><span>Preberi ve\u010d \u00bb<\/span><\/a><\/div><\/div><\/div><\/div><\/article><article class=\"wpr-grid-item elementor-clearfix post-6753 projekti type-projekti status-publish format-standard hentry tip_projekta-domaci-javni stanje_projekta-zakljucen-projekt podrocje-socialna-vkljucenost-in-pokojnine\"><div class=\"wpr-grid-item-inner\"><div class=\"wpr-grid-item-below-content elementor-clearfix\"><h2 class=\"wpr-grid-item-title elementor-repeater-item-a12e5db wpr-grid-item-display-block wpr-grid-item-align-left wpr-pointer-none wpr-pointer-line-fx wpr-pointer-fx-slide\"><div class=\"inner-block\"><a target=\"_self\"  href=\"https:\/\/www.ier.si\/en\/projekti\/prepoznavanje-in-razumevanje-vlog-dejavnikov-drzavne-blaginje-za-oskrbo-starih-ljudi-zivecih-v-skupnosti-v-sloveniji-in-avstriji\/\">Prepoznavanje in razumevanje vlog dejavnikov dr\u017eavne blaginje za oskrbo starih ljudi \u017eive\u010dih v skupnosti v Sloveniji in Avstriji<\/a><\/div><\/h2><div class=\"wpr-grid-item-custom-field elementor-repeater-item-78cf379 wpr-grid-item-display-block wpr-grid-item-align-left wpr-grid-cf-style-1\"><div class=\"inner-block\"><span><span class=\"wpr-grid-extra-text-left\">\u0160ifra:<\/span><span>TP J5-8235<\/span><\/span><\/div><\/div><div class=\"wpr-grid-item-custom-field elementor-repeater-item-ecb6631 wpr-grid-item-display-block wpr-grid-item-align-left wpr-grid-cf-style-1\"><div class=\"inner-block\"><span><span class=\"wpr-grid-extra-text-left\">Naro\u010dnik:<\/span><span>ARRS<\/span><\/span><\/div><\/div><div class=\"wpr-grid-item-custom-field elementor-repeater-item-0f5557c wpr-grid-item-display-block wpr-grid-item-align-left wpr-grid-cf-style-1\"><div class=\"inner-block\"><span><span class=\"wpr-grid-extra-text-left\">Trajanje:<\/span><span>1. 6. 2017 do 31. 5. 2020<\/span><\/span><\/div><\/div><div class=\"wpr-grid-item-custom-field elementor-repeater-item-dfa2e64 wpr-grid-item-display-inline wpr-grid-item-align-left wpr-grid-cf-style-1\"><div class=\"inner-block\"><span><span class=\"wpr-grid-extra-text-left\">Vodja projekta:<\/span><span>Boris Majcen<\/span><\/span><\/div><\/div><div class=\"wpr-grid-item-read-more elementor-repeater-item-779385e wpr-grid-item-display-block wpr-grid-item-align-left\"><div class=\"inner-block\"><a target=\"_self\" href=\"https:\/\/www.ier.si\/en\/projekti\/prepoznavanje-in-razumevanje-vlog-dejavnikov-drzavne-blaginje-za-oskrbo-starih-ljudi-zivecih-v-skupnosti-v-sloveniji-in-avstriji\/\" class=\"wpr-button-effect wpr-button-none\"><span class=\"wpr-grid-extra-icon-left\"><i aria-hidden=\"true\" class=\"fas fa-search\"><\/i><\/span><span>Preberi ve\u010d \u00bb<\/span><\/a><\/div><\/div><\/div><\/div><\/article><article class=\"wpr-grid-item elementor-clearfix post-6955 projekti type-projekti status-publish format-standard hentry tip_projekta-tuji-javni stanje_projekta-zakljucen-projekt podrocje-socialna-vkljucenost-in-pokojnine\"><div class=\"wpr-grid-item-inner\"><div class=\"wpr-grid-item-below-content elementor-clearfix\"><h2 class=\"wpr-grid-item-title elementor-repeater-item-a12e5db wpr-grid-item-display-block wpr-grid-item-align-left wpr-pointer-none wpr-pointer-line-fx wpr-pointer-fx-slide\"><div class=\"inner-block\"><a target=\"_self\"  href=\"https:\/\/www.ier.si\/en\/projekti\/improving-institutional-capacities-and-fostering-cooperation-to-tackle-the-impacts-of-transnational-youth-migration-interreg-danube\/\">Improving institutional capacities and fostering cooperation to tackle the impacts of transnational youth migration (Interreg Danube)<\/a><\/div><\/h2><div class=\"wpr-grid-item-custom-field elementor-repeater-item-ecb6631 wpr-grid-item-display-block wpr-grid-item-align-left wpr-grid-cf-style-1\"><div class=\"inner-block\"><span><span class=\"wpr-grid-extra-text-left\">Naro\u010dnik:<\/span><span>EK<\/span><\/span><\/div><\/div><div class=\"wpr-grid-item-custom-field elementor-repeater-item-0f5557c wpr-grid-item-display-block wpr-grid-item-align-left wpr-grid-cf-style-1\"><div class=\"inner-block\"><span><span class=\"wpr-grid-extra-text-left\">Trajanje:<\/span><span>1. 1. 2017 do 30. 6. 2019<\/span><\/span><\/div><\/div><div class=\"wpr-grid-item-custom-field elementor-repeater-item-dfa2e64 wpr-grid-item-display-inline wpr-grid-item-align-left wpr-grid-cf-style-1\"><div class=\"inner-block\"><span><span class=\"wpr-grid-extra-text-left\">Vodja projekta:<\/span><span>Nada Stropnik<\/span><\/span><\/div><\/div><div class=\"wpr-grid-item-read-more elementor-repeater-item-779385e wpr-grid-item-display-block wpr-grid-item-align-left\"><div class=\"inner-block\"><a target=\"_self\" href=\"https:\/\/www.ier.si\/en\/projekti\/improving-institutional-capacities-and-fostering-cooperation-to-tackle-the-impacts-of-transnational-youth-migration-interreg-danube\/\" class=\"wpr-button-effect wpr-button-none\"><span class=\"wpr-grid-extra-icon-left\"><i aria-hidden=\"true\" class=\"fas fa-search\"><\/i><\/span><span>Preberi ve\u010d \u00bb<\/span><\/a><\/div><\/div><\/div><\/div><\/article><article class=\"wpr-grid-item elementor-clearfix post-7105 projekti type-projekti status-publish format-standard hentry tip_projekta-tuji-javni stanje_projekta-zakljucen-projekt podrocje-socialna-vkljucenost-in-pokojnine\"><div class=\"wpr-grid-item-inner\"><div class=\"wpr-grid-item-below-content elementor-clearfix\"><h2 class=\"wpr-grid-item-title elementor-repeater-item-a12e5db wpr-grid-item-display-block wpr-grid-item-align-left wpr-pointer-none wpr-pointer-line-fx wpr-pointer-fx-slide\"><div class=\"inner-block\"><a target=\"_self\"  href=\"https:\/\/www.ier.si\/en\/projekti\/active-and-healthy-ageing-slovenia\/\">Active and Healthy Ageing Strategy in Slovenia<\/a><\/div><\/h2><div class=\"wpr-grid-item-custom-field elementor-repeater-item-78cf379 wpr-grid-item-display-block wpr-grid-item-align-left wpr-grid-cf-style-1\"><div class=\"inner-block\"><span><span class=\"wpr-grid-extra-text-left\">\u0160ifra:<\/span><span>VS\/2014\/0032<\/span><\/span><\/div><\/div><div class=\"wpr-grid-item-custom-field elementor-repeater-item-ecb6631 wpr-grid-item-display-block wpr-grid-item-align-left wpr-grid-cf-style-1\"><div class=\"inner-block\"><span><span class=\"wpr-grid-extra-text-left\">Naro\u010dnik:<\/span><span>EK, MZ, MDDSZ<\/span><\/span><\/div><\/div><div class=\"wpr-grid-item-custom-field elementor-repeater-item-0f5557c wpr-grid-item-display-block wpr-grid-item-align-left wpr-grid-cf-style-1\"><div class=\"inner-block\"><span><span class=\"wpr-grid-extra-text-left\">Trajanje:<\/span><span>1. 3. 2014 do 28. 2. 2016<\/span><\/span><\/div><\/div><div class=\"wpr-grid-item-custom-field elementor-repeater-item-dfa2e64 wpr-grid-item-display-inline wpr-grid-item-align-left wpr-grid-cf-style-1\"><div class=\"inner-block\"><span><span class=\"wpr-grid-extra-text-left\">Vodja projekta:<\/span><span>Boris Majcen<\/span><\/span><\/div><\/div><div class=\"wpr-grid-item-read-more elementor-repeater-item-779385e wpr-grid-item-display-block wpr-grid-item-align-left\"><div class=\"inner-block\"><a target=\"_self\" href=\"https:\/\/www.ier.si\/en\/projekti\/active-and-healthy-ageing-slovenia\/\" class=\"wpr-button-effect wpr-button-none\"><span class=\"wpr-grid-extra-icon-left\"><i aria-hidden=\"true\" class=\"fas fa-search\"><\/i><\/span><span>Preberi ve\u010d \u00bb<\/span><\/a><\/div><\/div><\/div><\/div><\/article><\/section>\t\t\t\t<\/div>\n\t\t\t\t<\/div>\n\t\t\t\t\t<\/div>\n\t\t<\/div>\n\t\t\t\t\t<\/div>\n\t\t<\/section>\n\t\t\t\t<section class=\"elementor-section elementor-top-section elementor-element elementor-element-5eab954a elementor-section-full_width elementor-section-height-default elementor-section-height-default wpr-particle-no wpr-jarallax-no wpr-parallax-no wpr-sticky-section-no wpr-equal-height-no\" data-id=\"5eab954a\" data-element_type=\"section\" data-e-type=\"section\" data-settings=\"{&quot;background_background&quot;:&quot;classic&quot;,&quot;_ha_eqh_enable&quot;:false}\">\n\t\t\t\t\t\t\t<div class=\"elementor-background-overlay\"><\/div>\n\t\t\t\t\t\t\t<div class=\"elementor-container elementor-column-gap-default\">\n\t\t\t\t\t<div class=\"elementor-column elementor-col-50 elementor-top-column elementor-element elementor-element-7a66c2d0\" data-id=\"7a66c2d0\" data-element_type=\"column\" data-e-type=\"column\">\n\t\t\t<div class=\"elementor-widget-wrap\">\n\t\t\t\t\t\t\t<\/div>\n\t\t<\/div>\n\t\t\t\t<div class=\"elementor-column elementor-col-50 elementor-top-column elementor-element elementor-element-6a8ebd3f\" data-id=\"6a8ebd3f\" data-element_type=\"column\" data-e-type=\"column\">\n\t\t\t<div class=\"elementor-widget-wrap elementor-element-populated\">\n\t\t\t\t\t\t<div class=\"elementor-element elementor-element-5d91539f elementor-widget-divider--view-line elementor-widget elementor-widget-divider\" data-id=\"5d91539f\" data-element_type=\"widget\" data-e-type=\"widget\" data-widget_type=\"divider.default\">\n\t\t\t\t<div class=\"elementor-widget-container\">\n\t\t\t\t\t\t\t<div class=\"elementor-divider\">\n\t\t\t<span class=\"elementor-divider-separator\">\n\t\t\t\t\t\t<\/span>\n\t\t<\/div>\n\t\t\t\t\t\t<\/div>\n\t\t\t\t<\/div>\n\t\t\t\t<div class=\"elementor-element elementor-element-19e0198e elementor-widget elementor-widget-heading\" data-id=\"19e0198e\" data-element_type=\"widget\" data-e-type=\"widget\" data-widget_type=\"heading.default\">\n\t\t\t\t<div class=\"elementor-widget-container\">\n\t\t\t\t\t<h3 class=\"elementor-heading-title elementor-size-default\">PUBLIKACIJE NA PODRO\u010cJU SOCIALNE VKLJU\u010cENOSTI IN POKOJNIN<br><\/h3>\t\t\t\t<\/div>\n\t\t\t\t<\/div>\n\t\t\t\t<div class=\"elementor-element elementor-element-7324c23 elementor-grid-5 elementor-posts--align-left elementor-grid-tablet-2 elementor-grid-mobile-1 elementor-posts--thumbnail-top elementor-widget elementor-widget-posts\" data-id=\"7324c23\" data-element_type=\"widget\" data-e-type=\"widget\" data-settings=\"{&quot;classic_columns&quot;:&quot;5&quot;,&quot;classic_row_gap&quot;:{&quot;unit&quot;:&quot;px&quot;,&quot;size&quot;:30,&quot;sizes&quot;:[]},&quot;classic_columns_tablet&quot;:&quot;2&quot;,&quot;classic_columns_mobile&quot;:&quot;1&quot;,&quot;classic_row_gap_tablet&quot;:{&quot;unit&quot;:&quot;px&quot;,&quot;size&quot;:&quot;&quot;,&quot;sizes&quot;:[]},&quot;classic_row_gap_mobile&quot;:{&quot;unit&quot;:&quot;px&quot;,&quot;size&quot;:&quot;&quot;,&quot;sizes&quot;:[]}}\" data-widget_type=\"posts.classic\">\n\t\t\t\t<div class=\"elementor-widget-container\">\n\t\t\t\t\t\t\t<div class=\"elementor-posts-container elementor-posts elementor-posts--skin-classic elementor-grid\" role=\"list\">\n\t\t\t\t<article class=\"elementor-post elementor-grid-item post-10695 publikaicje type-publikaicje status-publish format-standard has-post-thumbnail hentry category-publikacije vrsta-socialna-vkljucenost-in-pokojnine leto-150\" role=\"listitem\">\n\t\t\t\t<a class=\"elementor-post__thumbnail__link\" href=\"https:\/\/www.ier.si\/wp-content\/uploads\/2026\/01\/monografija_02-2025.pdf\" tabindex=\"-1\" >\n\t\t\t<div class=\"elementor-post__thumbnail\"><img fetchpriority=\"high\" decoding=\"async\" width=\"1623\" height=\"2313\" src=\"https:\/\/www.ier.si\/wp-content\/uploads\/2026\/01\/naslovnica_monografija_02-2025-prednja.jpg\" class=\"attachment-full size-full wp-image-10692\" alt=\"Naslovna stran monografije 02-2025\" srcset=\"https:\/\/www.ier.si\/wp-content\/uploads\/2026\/01\/naslovnica_monografija_02-2025-prednja.jpg 1623w, https:\/\/www.ier.si\/wp-content\/uploads\/2026\/01\/naslovnica_monografija_02-2025-prednja-211x300.jpg 211w, https:\/\/www.ier.si\/wp-content\/uploads\/2026\/01\/naslovnica_monografija_02-2025-prednja-719x1024.jpg 719w, https:\/\/www.ier.si\/wp-content\/uploads\/2026\/01\/naslovnica_monografija_02-2025-prednja-768x1095.jpg 768w, https:\/\/www.ier.si\/wp-content\/uploads\/2026\/01\/naslovnica_monografija_02-2025-prednja-1078x1536.jpg 1078w, https:\/\/www.ier.si\/wp-content\/uploads\/2026\/01\/naslovnica_monografija_02-2025-prednja-1437x2048.jpg 1437w, https:\/\/www.ier.si\/wp-content\/uploads\/2026\/01\/naslovnica_monografija_02-2025-prednja-8x12.jpg 8w\" sizes=\"(max-width: 1623px) 100vw, 1623px\" \/><\/div>\n\t\t<\/a>\n\t\t\t\t<div class=\"elementor-post__text\">\n\t\t\t\t<h3 class=\"elementor-post__title\">\n\t\t\t<a href=\"https:\/\/www.ier.si\/wp-content\/uploads\/2026\/01\/monografija_02-2025.pdf\" >\n\t\t\t\tPrimerjalna analiza in kriti\u010dna ocena metodologije izra\u010duna minimalnih \u017eivljenjskih stro\u0161kov v Sloveniji\t\t\t<\/a>\n\t\t<\/h3>\n\t\t\t\t<div class=\"elementor-post__excerpt\">\n\t\t\t<p>Barbara Kalar, Tja\u0161a Bartolj, Nata\u0161a Kump<\/p>\n\t\t<\/div>\n\t\t\n\t\t<a class=\"elementor-post__read-more\" href=\"https:\/\/www.ier.si\/wp-content\/uploads\/2026\/01\/monografija_02-2025.pdf\" aria-label=\"Read more about Primerjalna analiza in kriti\u010dna ocena metodologije izra\u010duna minimalnih \u017eivljenjskih stro\u0161kov v Sloveniji\" tabindex=\"-1\" >\n\t\t\tPreberi ve\u010d \u00bb\t\t<\/a>\n\n\t\t\t\t<\/div>\n\t\t\t\t<\/article>\n\t\t\t\t<article class=\"elementor-post elementor-grid-item post-8133 publikaicje type-publikaicje status-publish format-standard has-post-thumbnail hentry category-publikacije vrsta-ekonomiera vrsta-socialna-vkljucenost-in-pokojnine leto-2023_\" role=\"listitem\">\n\t\t\t\t<a class=\"elementor-post__thumbnail__link\" href=\"https:\/\/www.ier.si\/wp-content\/uploads\/2023\/03\/ekonomiera_03-2023.pdf\" tabindex=\"-1\" >\n\t\t\t<div class=\"elementor-post__thumbnail\"><img decoding=\"async\" width=\"1979\" height=\"2776\" src=\"https:\/\/www.ier.si\/wp-content\/uploads\/2023\/03\/naslovnica_prednja-2.png\" class=\"attachment-full size-full wp-image-8118\" alt=\"\" srcset=\"https:\/\/www.ier.si\/wp-content\/uploads\/2023\/03\/naslovnica_prednja-2.png 1979w, https:\/\/www.ier.si\/wp-content\/uploads\/2023\/03\/naslovnica_prednja-2-214x300.png 214w, https:\/\/www.ier.si\/wp-content\/uploads\/2023\/03\/naslovnica_prednja-2-730x1024.png 730w, https:\/\/www.ier.si\/wp-content\/uploads\/2023\/03\/naslovnica_prednja-2-768x1077.png 768w, https:\/\/www.ier.si\/wp-content\/uploads\/2023\/03\/naslovnica_prednja-2-1095x1536.png 1095w, https:\/\/www.ier.si\/wp-content\/uploads\/2023\/03\/naslovnica_prednja-2-1460x2048.png 1460w, https:\/\/www.ier.si\/wp-content\/uploads\/2023\/03\/naslovnica_prednja-2-9x12.png 9w\" sizes=\"(max-width: 1979px) 100vw, 1979px\" \/><\/div>\n\t\t<\/a>\n\t\t\t\t<div class=\"elementor-post__text\">\n\t\t\t\t<h3 class=\"elementor-post__title\">\n\t\t\t<a href=\"https:\/\/www.ier.si\/wp-content\/uploads\/2023\/03\/ekonomiera_03-2023.pdf\" >\n\t\t\t\tMikrosimulacijski model davkov in socialnih transferjev SLOMOD\t\t\t<\/a>\n\t\t<\/h3>\n\t\t\t\t<div class=\"elementor-post__excerpt\">\n\t\t\t<p>Barbara Kalar, Nata\u0161a Kump, Marko Ogorevc, Klemen Koman, Damjan Kava\u0161<\/p>\n\t\t<\/div>\n\t\t\n\t\t<a class=\"elementor-post__read-more\" href=\"https:\/\/www.ier.si\/wp-content\/uploads\/2023\/03\/ekonomiera_03-2023.pdf\" aria-label=\"Read more about Mikrosimulacijski model davkov in socialnih transferjev SLOMOD\" tabindex=\"-1\" >\n\t\t\tPreberi ve\u010d \u00bb\t\t<\/a>\n\n\t\t\t\t<\/div>\n\t\t\t\t<\/article>\n\t\t\t\t<article class=\"elementor-post elementor-grid-item post-8113 publikaicje type-publikaicje status-publish format-standard has-post-thumbnail hentry category-publikacije vrsta-ekonomiera vrsta-socialna-vkljucenost-in-pokojnine leto-2023_\" role=\"listitem\">\n\t\t\t\t<a class=\"elementor-post__thumbnail__link\" href=\"https:\/\/www.ier.si\/wp-content\/uploads\/2023\/03\/ekonomiera_01-2023.pdf\" tabindex=\"-1\" >\n\t\t\t<div class=\"elementor-post__thumbnail\"><img decoding=\"async\" width=\"1979\" height=\"2776\" src=\"https:\/\/www.ier.si\/wp-content\/uploads\/2023\/03\/naslovnica_prednja.png\" class=\"attachment-full size-full wp-image-8116\" alt=\"\" srcset=\"https:\/\/www.ier.si\/wp-content\/uploads\/2023\/03\/naslovnica_prednja.png 1979w, https:\/\/www.ier.si\/wp-content\/uploads\/2023\/03\/naslovnica_prednja-214x300.png 214w, https:\/\/www.ier.si\/wp-content\/uploads\/2023\/03\/naslovnica_prednja-730x1024.png 730w, https:\/\/www.ier.si\/wp-content\/uploads\/2023\/03\/naslovnica_prednja-768x1077.png 768w, https:\/\/www.ier.si\/wp-content\/uploads\/2023\/03\/naslovnica_prednja-1095x1536.png 1095w, https:\/\/www.ier.si\/wp-content\/uploads\/2023\/03\/naslovnica_prednja-1460x2048.png 1460w, https:\/\/www.ier.si\/wp-content\/uploads\/2023\/03\/naslovnica_prednja-9x12.png 9w\" sizes=\"(max-width: 1979px) 100vw, 1979px\" \/><\/div>\n\t\t<\/a>\n\t\t\t\t<div class=\"elementor-post__text\">\n\t\t\t\t<h3 class=\"elementor-post__title\">\n\t\t\t<a href=\"https:\/\/www.ier.si\/wp-content\/uploads\/2023\/03\/ekonomiera_01-2023.pdf\" >\n\t\t\t\tDinami\u010dni pokojninski mikrosimulacijski model DYPENSI\t\t\t<\/a>\n\t\t<\/h3>\n\t\t\t\t<div class=\"elementor-post__excerpt\">\n\t\t\t<p>Nata\u0161a Kump, Boris Majcen, Martin Spielauer, Ale\u0161a Lotri\u010d Dolinar, Klemen Koman, Damjan Kava\u0161, Montserrat Gonzalez<\/p>\n\t\t<\/div>\n\t\t\n\t\t<a class=\"elementor-post__read-more\" href=\"https:\/\/www.ier.si\/wp-content\/uploads\/2023\/03\/ekonomiera_01-2023.pdf\" aria-label=\"Read more about Dinami\u010dni pokojninski mikrosimulacijski model DYPENSI\" tabindex=\"-1\" >\n\t\t\tPreberi ve\u010d \u00bb\t\t<\/a>\n\n\t\t\t\t<\/div>\n\t\t\t\t<\/article>\n\t\t\t\t<article class=\"elementor-post elementor-grid-item post-4394 publikaicje type-publikaicje status-publish format-standard has-post-thumbnail hentry category-publikacije vrsta-ekonomiera vrsta-socialna-vkljucenost-in-pokojnine leto-2022_\" role=\"listitem\">\n\t\t\t\t<a class=\"elementor-post__thumbnail__link\" href=\"https:\/\/ier.si\/wp-content\/uploads\/2022\/12\/ekonomiera_04-2022.pdf\" tabindex=\"-1\" target=\"_blank\" rel=\"noopener\">\n\t\t\t<div class=\"elementor-post__thumbnail\"><img loading=\"lazy\" decoding=\"async\" width=\"1949\" height=\"2776\" src=\"https:\/\/www.ier.si\/wp-content\/uploads\/2022\/12\/naslovnica_front_1.png\" class=\"attachment-full size-full wp-image-4504\" alt=\"\" srcset=\"https:\/\/www.ier.si\/wp-content\/uploads\/2022\/12\/naslovnica_front_1.png 1949w, https:\/\/www.ier.si\/wp-content\/uploads\/2022\/12\/naslovnica_front_1-211x300.png 211w, https:\/\/www.ier.si\/wp-content\/uploads\/2022\/12\/naslovnica_front_1-719x1024.png 719w, https:\/\/www.ier.si\/wp-content\/uploads\/2022\/12\/naslovnica_front_1-768x1094.png 768w, https:\/\/www.ier.si\/wp-content\/uploads\/2022\/12\/naslovnica_front_1-1078x1536.png 1078w, https:\/\/www.ier.si\/wp-content\/uploads\/2022\/12\/naslovnica_front_1-1438x2048.png 1438w\" sizes=\"(max-width: 1949px) 100vw, 1949px\" \/><\/div>\n\t\t<\/a>\n\t\t\t\t<div class=\"elementor-post__text\">\n\t\t\t\t<h3 class=\"elementor-post__title\">\n\t\t\t<a href=\"https:\/\/ier.si\/wp-content\/uploads\/2022\/12\/ekonomiera_04-2022.pdf\" target=\"_blank\" rel=\"noopener\">\n\t\t\t\tSocialno-ekonomski polo\u017eaj upokojencev, delovnih invalidov in starej\u0161ega prebivalstva\t\t\t<\/a>\n\t\t<\/h3>\n\t\t\t\t<div class=\"elementor-post__excerpt\">\n\t\t\t<p>Nata\u0161a Kump, Nada Stropnik<\/p>\n\t\t<\/div>\n\t\t\n\t\t<a class=\"elementor-post__read-more\" href=\"https:\/\/ier.si\/wp-content\/uploads\/2022\/12\/ekonomiera_04-2022.pdf\" aria-label=\"Read more about Socialno-ekonomski polo\u017eaj upokojencev, delovnih invalidov in starej\u0161ega prebivalstva\" tabindex=\"-1\" target=\"_blank\" rel=\"noopener\">\n\t\t\tPreberi ve\u010d \u00bb\t\t<\/a>\n\n\t\t\t\t<\/div>\n\t\t\t\t<\/article>\n\t\t\t\t<article class=\"elementor-post elementor-grid-item post-4573 publikaicje type-publikaicje status-publish format-standard has-post-thumbnail hentry category-publikacije vrsta-ekonomiera vrsta-socialna-vkljucenost-in-pokojnine leto-2017_\" role=\"listitem\">\n\t\t\t\t<a class=\"elementor-post__thumbnail__link\" href=\"https:\/\/ier.si\/wp-content\/uploads\/2022\/12\/ekonomiera_02-2017.pdf\" tabindex=\"-1\" target=\"_blank\" rel=\"noopener\">\n\t\t\t<div class=\"elementor-post__thumbnail\"><img loading=\"lazy\" decoding=\"async\" width=\"1949\" height=\"2776\" src=\"https:\/\/www.ier.si\/wp-content\/uploads\/2022\/12\/ekonomiera_02-2017.png\" class=\"attachment-full size-full wp-image-4523\" alt=\"\" srcset=\"https:\/\/www.ier.si\/wp-content\/uploads\/2022\/12\/ekonomiera_02-2017.png 1949w, https:\/\/www.ier.si\/wp-content\/uploads\/2022\/12\/ekonomiera_02-2017-211x300.png 211w, https:\/\/www.ier.si\/wp-content\/uploads\/2022\/12\/ekonomiera_02-2017-719x1024.png 719w, https:\/\/www.ier.si\/wp-content\/uploads\/2022\/12\/ekonomiera_02-2017-768x1094.png 768w, https:\/\/www.ier.si\/wp-content\/uploads\/2022\/12\/ekonomiera_02-2017-1078x1536.png 1078w, https:\/\/www.ier.si\/wp-content\/uploads\/2022\/12\/ekonomiera_02-2017-1438x2048.png 1438w\" sizes=\"(max-width: 1949px) 100vw, 1949px\" \/><\/div>\n\t\t<\/a>\n\t\t\t\t<div class=\"elementor-post__text\">\n\t\t\t\t<h3 class=\"elementor-post__title\">\n\t\t\t<a href=\"https:\/\/ier.si\/wp-content\/uploads\/2022\/12\/ekonomiera_02-2017.pdf\" target=\"_blank\" rel=\"noopener\">\n\t\t\t\tDinami\u010dni mikrosimulacijski pokojninski model \u2013 DYPENSI\t\t\t<\/a>\n\t\t<\/h3>\n\t\t\t\t<div class=\"elementor-post__excerpt\">\n\t\t\t<p>Nata\u0161a Kump, Boris Majcen, Jo\u017ee Sambt, Ale\u0161a Lotri\u010d Dolinar, Martin Spielauer, Miroslav Verbi\u010d, Rok Spruk<\/p>\n\t\t<\/div>\n\t\t\n\t\t<a class=\"elementor-post__read-more\" href=\"https:\/\/ier.si\/wp-content\/uploads\/2022\/12\/ekonomiera_02-2017.pdf\" aria-label=\"Read more about Dinami\u010dni mikrosimulacijski pokojninski model \u2013 DYPENSI\" tabindex=\"-1\" target=\"_blank\" rel=\"noopener\">\n\t\t\tPreberi ve\u010d \u00bb\t\t<\/a>\n\n\t\t\t\t<\/div>\n\t\t\t\t<\/article>\n\t\t\t\t<article class=\"elementor-post elementor-grid-item post-4575 publikaicje type-publikaicje status-publish format-standard has-post-thumbnail hentry category-publikacije vrsta-ekonomiera vrsta-socialna-vkljucenost-in-pokojnine leto-2016_\" role=\"listitem\">\n\t\t\t\t<a class=\"elementor-post__thumbnail__link\" href=\"https:\/\/ier.si\/wp-content\/uploads\/2022\/12\/ekonomiera_02-2016.pdf\" tabindex=\"-1\" target=\"_blank\" rel=\"noopener\">\n\t\t\t<div class=\"elementor-post__thumbnail\"><img loading=\"lazy\" decoding=\"async\" width=\"3892\" height=\"5552\" src=\"https:\/\/www.ier.si\/wp-content\/uploads\/2022\/12\/ekonomiera_02-2016.png\" class=\"attachment-full size-full wp-image-4521\" alt=\"\" srcset=\"https:\/\/www.ier.si\/wp-content\/uploads\/2022\/12\/ekonomiera_02-2016.png 3892w, https:\/\/www.ier.si\/wp-content\/uploads\/2022\/12\/ekonomiera_02-2016-210x300.png 210w, https:\/\/www.ier.si\/wp-content\/uploads\/2022\/12\/ekonomiera_02-2016-718x1024.png 718w, https:\/\/www.ier.si\/wp-content\/uploads\/2022\/12\/ekonomiera_02-2016-768x1096.png 768w, https:\/\/www.ier.si\/wp-content\/uploads\/2022\/12\/ekonomiera_02-2016-1077x1536.png 1077w, https:\/\/www.ier.si\/wp-content\/uploads\/2022\/12\/ekonomiera_02-2016-1436x2048.png 1436w\" sizes=\"(max-width: 3892px) 100vw, 3892px\" \/><\/div>\n\t\t<\/a>\n\t\t\t\t<div class=\"elementor-post__text\">\n\t\t\t\t<h3 class=\"elementor-post__title\">\n\t\t\t<a href=\"https:\/\/ier.si\/wp-content\/uploads\/2022\/12\/ekonomiera_02-2016.pdf\" target=\"_blank\" rel=\"noopener\">\n\t\t\t\tActive and healthy ageing for active and healthy old age: Analysis of existing situation, projections and measures to promote seniors\u2019 employability and postponed retirement\u00a0decisions\t\t\t<\/a>\n\t\t<\/h3>\n\t\t\t\t<div class=\"elementor-post__excerpt\">\n\t\t\t<p>Damjan Kava\u0161, Klemen Koman, Nata\u0161a Kump, Boris Majcen, Jo\u017ee Sambt, Nada Stropnik<\/p>\n\t\t<\/div>\n\t\t\n\t\t<a class=\"elementor-post__read-more\" href=\"https:\/\/ier.si\/wp-content\/uploads\/2022\/12\/ekonomiera_02-2016.pdf\" aria-label=\"Read more about Active and healthy ageing for active and healthy old age: Analysis of existing situation, projections and measures to promote seniors\u2019 employability and postponed retirement\u00a0decisions\" tabindex=\"-1\" target=\"_blank\" rel=\"noopener\">\n\t\t\tPreberi ve\u010d \u00bb\t\t<\/a>\n\n\t\t\t\t<\/div>\n\t\t\t\t<\/article>\n\t\t\t\t<article class=\"elementor-post elementor-grid-item post-4576 publikaicje type-publikaicje status-publish format-standard has-post-thumbnail hentry category-publikacije vrsta-ekonomiera vrsta-socialna-vkljucenost-in-pokojnine leto-2016_\" role=\"listitem\">\n\t\t\t\t<a class=\"elementor-post__thumbnail__link\" href=\"https:\/\/ier.si\/wp-content\/uploads\/2022\/12\/ekonomiera_01-2016.pdf\" tabindex=\"-1\" target=\"_blank\" rel=\"noopener\">\n\t\t\t<div class=\"elementor-post__thumbnail\"><img loading=\"lazy\" decoding=\"async\" width=\"3900\" height=\"5552\" src=\"https:\/\/www.ier.si\/wp-content\/uploads\/2022\/12\/ekonomiera_01-2016.png\" class=\"attachment-full size-full wp-image-4513\" alt=\"\" srcset=\"https:\/\/www.ier.si\/wp-content\/uploads\/2022\/12\/ekonomiera_01-2016.png 3900w, https:\/\/www.ier.si\/wp-content\/uploads\/2022\/12\/ekonomiera_01-2016-211x300.png 211w, https:\/\/www.ier.si\/wp-content\/uploads\/2022\/12\/ekonomiera_01-2016-719x1024.png 719w, https:\/\/www.ier.si\/wp-content\/uploads\/2022\/12\/ekonomiera_01-2016-768x1093.png 768w, https:\/\/www.ier.si\/wp-content\/uploads\/2022\/12\/ekonomiera_01-2016-1079x1536.png 1079w, https:\/\/www.ier.si\/wp-content\/uploads\/2022\/12\/ekonomiera_01-2016-1439x2048.png 1439w\" sizes=\"(max-width: 3900px) 100vw, 3900px\" \/><\/div>\n\t\t<\/a>\n\t\t\t\t<div class=\"elementor-post__text\">\n\t\t\t\t<h3 class=\"elementor-post__title\">\n\t\t\t<a href=\"https:\/\/ier.si\/wp-content\/uploads\/2022\/12\/ekonomiera_01-2016.pdf\" target=\"_blank\" rel=\"noopener\">\n\t\t\t\tSpodbujanje podalj\u0161anega zaposlovanja\u00a0in odlo\u017eenega upokojevanja: analiza obstoje\u010dih politik in predlog ukrepov\t\t\t<\/a>\n\t\t<\/h3>\n\t\t\t\t<div class=\"elementor-post__excerpt\">\n\t\t\t<p>Damjan Kava\u0161, Klemen Koman, Nata\u0161a Kump, Boris Majcen, Jo\u017ee Sambt, Nada Stropnik<\/p>\n\t\t<\/div>\n\t\t\n\t\t<a class=\"elementor-post__read-more\" href=\"https:\/\/ier.si\/wp-content\/uploads\/2022\/12\/ekonomiera_01-2016.pdf\" aria-label=\"Read more about Spodbujanje podalj\u0161anega zaposlovanja\u00a0in odlo\u017eenega upokojevanja: analiza obstoje\u010dih politik in predlog ukrepov\" tabindex=\"-1\" target=\"_blank\" rel=\"noopener\">\n\t\t\tPreberi ve\u010d \u00bb\t\t<\/a>\n\n\t\t\t\t<\/div>\n\t\t\t\t<\/article>\n\t\t\t\t<\/div>\n\t\t\n\t\t\t\t\t\t<\/div>\n\t\t\t\t<\/div>\n\t\t\t\t\t<\/div>\n\t\t<\/div>\n\t\t\t\t\t<\/div>\n\t\t<\/section>\n\t\t\t\t<\/div>\n\t\t","protected":false},"excerpt":{"rendered":"<p>SOCIALNA VKLJU\u010cENOST IN POKOJNINE Podro\u010dje socialne vklju\u010denosti in pokojnin prispeva k spoznavanju ekonomskega polo\u017eaja in socialne vklju\u010denosti (podskupin) prebivalstva in vplivu socialnovarstvene, dru\u017einske, dav\u010dne in pokojninske zakonodaje nanj, kar je podlaga za uspe\u0161no soo\u010danje z izzivi, kot so rev\u0161\u010dina in socialna izklju\u010denost, minimalni \u017eivljenjski stro\u0161ki, ekonomski polo\u017eaj dru\u017ein, usklajevanje dru\u017einskega in poklicnega \u017eivljenja, podpora brezposelnim, pokojninski sistem in pokojnine ter ekonomski polo\u017eaj starej\u0161ih. Izvajamo bazi\u010dne in aplikativne raziskave o temah nacionalnega, evropskega, pa tudi globalnega pomena, med izbrane novej\u0161e vidnej\u0161e dose\u017eke pa pri\u0161tevamo: ocene minimalnih \u017eivljenjskih stro\u0161kov (na podlagi uveljavljene lastne metodologije); sodelovanje pri preizkusu metodologije za referen\u010dne dru\u017einske prora\u010dune; priprava strokovnih podlag za politi\u010dno odlo\u010danje v Sloveniji na podro\u010dju socialnovarstvene in dru\u017einske politike; sodelovanje pri pripravi strokovnih podlag za strategijo aktivnega in zdravega staranja v Sloveniji; razvoj in prakti\u010dna uporaba modelskih orodij (model generacijskih ra\u010dunov in dinami\u010dni mikrosimulacijski pokojninski model) za potrebe priprave Poro\u010dila o pokojninah (Skupina AWG pri EK) in projekcij izdatkov v okviru letnega Programa stabilnosti; priprave strokovnih podlag in ocen posledic posameznih ukrepov oziroma reforme pokojninskega sistema; sodelovanje v projektu MIGAPE, ki je ocenil bodo\u010do pokojninsko vrzel med spoloma; sodelovanje od leta 2014 do 2022 v European Social Policy Network (ESPN) oziroma od 2022 dalje v Expert Network for Analytical Support in Social Policies (ENASSP), ki za Evropsko komisijo pripravlja neodvisna poro\u010dila kot podlago za oblikovanje politik in ukrepov; sodelovanje v projektu \u00bbChild Guarantee\u00ab, ki je bil podlaga za jamstvo za ranljive otroke in potekajo\u010de konkretne ukrepe politik v EU; sodelovanje (od leta 2005) v mednarodni mre\u017ei Leave Policy and Research Network, sodelovanje v statisti\u010dnem sosvetu za statistiko \u017eivljenjske ravni in socialne za\u0161\u010dite; \u010dlanstvo v uredni\u0161kih odborih znanstvenih revij: Revija za socijalnu politiku (Journal of Social Policy), Zagreb. dr. Nata\u0161a KUMPKontaktna oseba t. +386 1 5303 824e. natasa.kump@ier.si PROJEKTI NA PODRO\u010cJU SOCIALNE VKLJU\u010cENOSTI IN POKOJNIN Vsi projekti Doma\u010di javni Doma\u010di tr\u017eni Tuji javni Tuji tr\u017eni Sustainable Welfare: Rethinking the roles of Family, Market and State (Horizon Europe) \u0160ifra:101095175Naro\u010dnik:EKTrajanje:1. 2. 2023 do 31. 1. 2027Vodja projekta:Nata\u0161a KumpPreberi ve\u010d \u00bb Expert Network for Analytical Support in Social Policies (ENASSP) Naro\u010dnik:EK \/ LISERTrajanje:15. 11. 2022 do 14. 11. 2026Vodja projekta:Boris MajcenPreberi ve\u010d \u00bb Socialno-ekonomski polo\u017eaj upokojencev, delovnih invalidov in starej\u0161ega prebivalstva Naro\u010dnik:ZPIZTrajanje:21. 4. 2022 do 30. 9. 2022Vodja projekta:Nata\u0161a KumpPreberi ve\u010d \u00bb Izvedba in posredovanje izsledkov raziskave o minimalnih \u017eivljenjskih stro\u0161kih Naro\u010dnik:MDDSZTrajanje:1. 2. 2022 do 10. 10. 2022Vodja projekta:Nada StropnikPreberi ve\u010d \u00bb Exploratory study: filling in the knowledge gaps and identifying strengths and challenges in the effectiveness of the EU Member States\u2019&hellip; Naro\u010dnik:ApplicaTrajanje:30. 9. 2021 do 28. 2. 2022Vodja projekta:Nada StropnikPreberi ve\u010d \u00bb Technical Support for the Development and Update of EUROMOD \u0160ifra:940643-2020 SINaro\u010dnik:EKTrajanje:4. 1. 2021 do 31. 12. 2024Vodja projekta:Nata\u0161a KumpPreberi ve\u010d \u00bb Analiza pomena drugega pokojninskega stebra v lu\u010di predlaganih sprememb na podro\u010dju pokojnin Naro\u010dnik:SZZTrajanje:17. 6. 2019 do 31. 12. 2019Vodja projekta:Boris MajcenPreberi ve\u010d \u00bb Moje delo.Moja pokojnina Naro\u010dnik:MDDSZTrajanje:10. 5. 2019 do 31. 10. 2020Vodja projekta:Nata\u0161a KumpPreberi ve\u010d \u00bb Mind the Gap in Pensions; Simulation and knowledge dissemination on gender gaps, their underlying causes, and how they could be&hellip; \u0160ifra:820798Naro\u010dnik:EKTrajanje:1. 4. 2019 do 31. 3. 2021Vodja projekta:Nata\u0161a KumpPreberi ve\u010d \u00bb Feasibility study for a child guarantee &#8211; national independent expert Naro\u010dnik:LISERTrajanje:27. 9. 2018 do 31. 1. 2021Vodja projekta:Nada StropnikPreberi ve\u010d \u00bb European Social Policy Network Naro\u010dnik:EKTrajanje:15. 9. 2018 do 14. 9. 2022Vodja projekta:Nada StropnikPreberi ve\u010d \u00bb Nadgradnja analiti\u010dnih modelov na podro\u010dju pokojninskega sistema Naro\u010dnik:MDDSZTrajanje:1. 1. 2018 do 31. 3. 2023Vodja projekta:Boris MajcenPreberi ve\u010d \u00bb Prepoznavanje in razumevanje vlog dejavnikov dr\u017eavne blaginje za oskrbo starih ljudi \u017eive\u010dih v skupnosti v Sloveniji in Avstriji \u0160ifra:TP J5-8235Naro\u010dnik:ARRSTrajanje:1. 6. 2017 do 31. 5. 2020Vodja projekta:Boris MajcenPreberi ve\u010d \u00bb Improving institutional capacities and fostering cooperation to tackle the impacts of transnational youth migration (Interreg Danube) Naro\u010dnik:EKTrajanje:1. 1. 2017 do 30. 6. 2019Vodja projekta:Nada StropnikPreberi ve\u010d \u00bb Active and Healthy Ageing Strategy in Slovenia \u0160ifra:VS\/2014\/0032Naro\u010dnik:EK, MZ, MDDSZTrajanje:1. 3. 2014 do 28. 2. 2016Vodja projekta:Boris MajcenPreberi ve\u010d \u00bb PUBLIKACIJE NA PODRO\u010cJU SOCIALNE VKLJU\u010cENOSTI IN POKOJNIN<\/p>","protected":false},"author":1,"featured_media":0,"parent":0,"menu_order":0,"comment_status":"closed","ping_status":"closed","template":"elementor_header_footer","meta":{"_acf_changed":false,"footnotes":"","_links_to":"","_links_to_target":""},"class_list":["post-2527","page","type-page","status-publish","hentry"],"acf":[],"publishpress_future_action":{"enabled":false,"date":"2026-05-04 12:55:14","action":"change-status","newStatus":"draft","terms":[],"taxonomy":"","extraData":[]},"publishpress_future_workflow_manual_trigger":{"enabledWorkflows":[]},"_links":{"self":[{"href":"https:\/\/www.ier.si\/en\/wp-json\/wp\/v2\/pages\/2527","targetHints":{"allow":["GET"]}}],"collection":[{"href":"https:\/\/www.ier.si\/en\/wp-json\/wp\/v2\/pages"}],"about":[{"href":"https:\/\/www.ier.si\/en\/wp-json\/wp\/v2\/types\/page"}],"author":[{"embeddable":true,"href":"https:\/\/www.ier.si\/en\/wp-json\/wp\/v2\/users\/1"}],"replies":[{"embeddable":true,"href":"https:\/\/www.ier.si\/en\/wp-json\/wp\/v2\/comments?post=2527"}],"version-history":[{"count":152,"href":"https:\/\/www.ier.si\/en\/wp-json\/wp\/v2\/pages\/2527\/revisions"}],"predecessor-version":[{"id":8918,"href":"https:\/\/www.ier.si\/en\/wp-json\/wp\/v2\/pages\/2527\/revisions\/8918"}],"wp:attachment":[{"href":"https:\/\/www.ier.si\/en\/wp-json\/wp\/v2\/media?parent=2527"}],"curies":[{"name":"wp","href":"https:\/\/api.w.org\/{rel}","templated":true}]}}